{"id":20206,"date":"2022-05-20T13:49:47","date_gmt":"2022-05-20T10:49:47","guid":{"rendered":"https:\/\/www.helsinkimissio.fi\/helsingforsmission\/historia\/"},"modified":"2024-08-30T11:36:56","modified_gmt":"2024-08-30T08:36:56","slug":"historia","status":"publish","type":"page","link":"https:\/\/www.helsinkimissio.fi\/sv\/helsingforsmission\/historia\/","title":{"rendered":"V\u00e5r historia"},"content":{"rendered":"\n<section  class=\"block block-hero-element container-fluid has-dark-blue-background-color has-bg block block-hero-element-- block-hero-element__desktop-background\" style=\"background-image: url();\">\n    <div class=\"block-hero-element__mobile-background\">\n        <div class=\"container\">\n            <div class=\"row\">\n                <div class=\"col-sm-10 col-md-12 col-hd-12 mx-auto\">\n                    <div class=\"row  block-hero-element__wrapper block-hero-element--text-left  align-items-start not_front_hero padding-zero\">\n                        <div class=\"offset-1 col-sm-10 col-md-10 col-lg-5 col-xl-5 block-hero-element__text-area block-hero-element--text-vertical-position-center\">\n                            \n\n    <h1 class=\"colored-heading no-background new wp-elements-790bf2fcdf84f5b03c858b7b3fda1bcc\">\n                                <p class=\"has-background bg- has-red-background-color has-white-text-color\"> V\u00e5r historia <\/p> <br>\n            <\/h1>\n\n\n\n<p class=\"has-white-color has-text-color\">Vi har redan varit verksamma i Helsingfors i 140 \u00e5r. Vi k\u00e4nner ensamheten och vet hur den kan besegras.<\/p>\n\n\n                        <\/div>\n                                                    <div class=\" offset-1 col-sm-10 col-md-10 col-lg-5 col-xl-4 block-hero-element__image-area block-hero-element__image-area--top\">\n                                <img decoding=\"async\" src=\"https:\/\/www.helsinkimissio.fi\/wp-content\/uploads\/2023\/02\/800x600_Na\u0308kyma\u0308-Unioninkadulle-1890-kaupunkikuva.png\" width=\"900\" height=\"600\" alt=\"\" fetchpriority=\"high\" data-no-lazy=\"1\">                            <\/div>\n                        \n                        \n                    <\/div>\n                <\/div>\n            <\/div>\n        <\/div>\n    <\/div>\n<\/section>\n\n\n<section  class=\"block  block-content-wrapper container-fluid \">\n    <div class=\"container\">\n        <div class=\"row  flex-start col-12\" style=\"justify-content: flex-start; \">\n                            <div class=\"\">\n                                    <main class=\"entry-content\">\n                        \n\n<h2 class=\"wp-block-heading\"><strong>Bekanta dig med v\u00e5r intressanta historia<\/strong><\/h2>\n\n\n\n<p>Vi har redan varit verksamma i Helsingfors i 140 \u00e5r. Vi k\u00e4nner ensamheten och vet hur den kan besegras. HelsingforsMissions verksamhet inledes julen 1883 i R\u00f6dbergen, den stadsdel i Helsingfors som d\u00e5 hade det s\u00e4msta ryktet. P\u00e5 den tiden hette v\u00e5r organisation Helsingfors stadsmission och dess uppgift var att hj\u00e4lpa fattiga och n\u00f6dst\u00e4llda.<\/p>\n\n\n                    <\/main>\n                    <\/div>\n                <\/div>\n        <\/div>\n<\/section>\n\n<section  class=\"block full-width block-kahdenpalstan-nosto  container-fluid  top-padding\">\n    <div class=\"container\">\n        <div class=\"row\">\n            <div class=\"\">\n                <div class=\"row\">\n                    <div class=\"col-sm-10 col-xl-12 mx-auto image_lift top left\">\n                        <div class=\" offset-1 col-xs-4 col-sm-12 col-md-10 col-lg-10 col-xl-4 image_lift__img_container top \">\n                            <img decoding=\"async\" src=\"https:\/\/www.helsinkimissio.fi\/wp-content\/uploads\/2023\/02\/800x600_1883-018_CeciliaBlomqvist.png\" width=\"900\" height=\"600\" class=\"image_lift__img  top\" alt=\"Cecilia Blomqvist sy\u00f6tt\u00e4\u00e4 lasta vuonna 1883\" loading=\"lazy\">                            <img decoding=\"async\" src=\"https:\/\/www.helsinkimissio.fi\/wp-content\/uploads\/2023\/02\/800x600_1883-018_CeciliaBlomqvist.png\" width=\"900\" height=\"600\" class=\"image_lift__img mobile  top\" alt=\"Cecilia Blomqvist sy\u00f6tt\u00e4\u00e4 lasta vuonna 1883\" loading=\"lazy\">\n                        <\/div>\n                        <div class=\"col-xs-4 col-sm-12 col-md-10 col-lg-10 col-xl-5 image_lift__position offset-1  center\">\n                            <main class=\"entry-content \">\n                                \n\n<h3 class=\"wp-block-heading\"><strong>1883 f\u00f6reningen grundas<\/strong><\/h3>\n\n\n\n<p>Den nygrundade f\u00f6reningen hade bara en anst\u00e4lld, den hj\u00e4lpvilliga och driftiga kvinnan Cecilia Blomqvist (1845\u20131910). Hon arbetade med m\u00e5ngahanda och utvecklade nya former av hj\u00e4lparbete. Cecilia blir en av banbrytarna inom socialarbetet i Finland.<\/p>\n\n\n                            <\/main>\n                        <\/div>\n                    <\/div>\n                <\/div>\n            <\/div>\n        <\/div>\n<\/section>\n\n<section  class=\"block full-width block-kahdenpalstan-nosto  container-fluid  top-padding\">\n    <div class=\"container\">\n        <div class=\"row\">\n            <div class=\"\">\n                <div class=\"row\">\n                    <div class=\"col-sm-10 col-xl-12 mx-auto image_lift top right\">\n                        <div class=\"  col-xs-4 col-sm-12 col-md-10 col-lg-10 col-xl-4 image_lift__img_container top offset-1\">\n                            <img decoding=\"async\" src=\"https:\/\/www.helsinkimissio.fi\/wp-content\/uploads\/2023\/02\/800x600_1884-1885-033_lastenveistojaompelukokous.png\" width=\"900\" height=\"600\" class=\"image_lift__img  top\" alt=\"\" loading=\"lazy\">                            <img decoding=\"async\" src=\"https:\/\/www.helsinkimissio.fi\/wp-content\/uploads\/2023\/02\/800x600_1884-1885-033_lastenveistojaompelukokous.png\" width=\"900\" height=\"600\" class=\"image_lift__img mobile  top\" alt=\"\" loading=\"lazy\">\n                        <\/div>\n                        <div class=\"col-xs-4 col-sm-12 col-md-10 col-lg-10 col-xl-5 image_lift__position  offset-1 center\">\n                            <main class=\"entry-content \">\n                                \n\n<h3 class=\"wp-block-heading\">1884\u20131885<\/h3>\n\n\n\n<p>Under ett par \u00e5r inr\u00e4ttas bland annat en bespisning f\u00f6r fattiga, ett hem f\u00f6r arbetarpojkar, ett skyddshem f\u00f6r tidigare f\u00e5ngar och ett daghem f\u00f6r barn. F\u00f6r mammor och flickor ordnas sym\u00f6ten.<\/p>\n\n\n                            <\/main>\n                        <\/div>\n                    <\/div>\n                <\/div>\n            <\/div>\n        <\/div>\n<\/section>\n\n<section  class=\"block full-width block-kahdenpalstan-nosto  container-fluid  top-padding\">\n    <div class=\"container\">\n        <div class=\"row\">\n            <div class=\"\">\n                <div class=\"row\">\n                    <div class=\"col-sm-10 col-xl-12 mx-auto image_lift top left\">\n                        <div class=\" offset-1 col-xs-4 col-sm-12 col-md-10 col-lg-10 col-xl-4 image_lift__img_container top \">\n                            <img decoding=\"async\" src=\"https:\/\/www.helsinkimissio.fi\/wp-content\/uploads\/2023\/02\/800x600_1904_028_Betaniakirkko.png\" width=\"900\" height=\"600\" class=\"image_lift__img  top\" alt=\"\" loading=\"lazy\">                            <img decoding=\"async\" src=\"https:\/\/www.helsinkimissio.fi\/wp-content\/uploads\/2023\/02\/800x600_1904_028_Betaniakirkko.png\" width=\"900\" height=\"600\" class=\"image_lift__img mobile  top\" alt=\"\" loading=\"lazy\">\n                        <\/div>\n                        <div class=\"col-xs-4 col-sm-12 col-md-10 col-lg-10 col-xl-5 image_lift__position offset-1  center\">\n                            <main class=\"entry-content \">\n                                \n\n<h3 class=\"wp-block-heading\">1904 Betaniahuset<\/h3>\n\n\n\n<p>\u00c5r 1904 st\u00e5r f\u00f6reningens hus, Betaniahuset, klart i R\u00f6dbergen. D\u00e4r placeras en bespisning f\u00f6r mindre bemedlade, ett daghem och arbetsstugor f\u00f6r arbetsl\u00f6sa kvinnor och m\u00e4n.<\/p>\n\n\n                            <\/main>\n                        <\/div>\n                    <\/div>\n                <\/div>\n            <\/div>\n        <\/div>\n<\/section>\n\n<section  class=\"block full-width block-kahdenpalstan-nosto  container-fluid  top-padding\">\n    <div class=\"container\">\n        <div class=\"row\">\n            <div class=\"\">\n                <div class=\"row\">\n                    <div class=\"col-sm-10 col-xl-12 mx-auto image_lift top right\">\n                        <div class=\"  col-xs-4 col-sm-12 col-md-10 col-lg-10 col-xl-4 image_lift__img_container top offset-1\">\n                            <img decoding=\"async\" src=\"https:\/\/www.helsinkimissio.fi\/wp-content\/uploads\/2023\/02\/800x600_1918-1919-060_Mantysaari_pulavuosien_nalantorjunta.png\" width=\"900\" height=\"600\" class=\"image_lift__img  top\" alt=\"\" loading=\"lazy\">                            <img decoding=\"async\" src=\"https:\/\/www.helsinkimissio.fi\/wp-content\/uploads\/2023\/02\/800x600_1918-1919-060_Mantysaari_pulavuosien_nalantorjunta.png\" width=\"900\" height=\"600\" class=\"image_lift__img mobile  top\" alt=\"\" loading=\"lazy\">\n                        <\/div>\n                        <div class=\"col-xs-4 col-sm-12 col-md-10 col-lg-10 col-xl-5 image_lift__position  offset-1 center\">\n                            <main class=\"entry-content \">\n                                \n\n<h3 class=\"wp-block-heading\">1918\u20131919 <strong>barnhem och dagv\u00e5rd f\u00f6r barn<\/strong><\/h3>\n\n\n\n<p>I Finlands inb\u00f6rdeskrig blir 20 000 barn fadersl\u00f6sa eller f\u00f6r\u00e4ldral\u00f6sa. I Helsingfors finns det 900 s\u00e5dana barn. Den barnhemsverksamhet som f\u00f6reningen inleder f\u00e5r officiellt tillst\u00e5nd av Helsingfors stadsfullm\u00e4ktige. 1919 grundas ett barndaghem, vilket g\u00f6r det m\u00f6jligt f\u00f6r mammor att arbeta.<\/p>\n\n\n                            <\/main>\n                        <\/div>\n                    <\/div>\n                <\/div>\n            <\/div>\n        <\/div>\n<\/section>\n\n<section  class=\"block full-width block-kahdenpalstan-nosto  container-fluid  top-padding\">\n    <div class=\"container\">\n        <div class=\"row\">\n            <div class=\"\">\n                <div class=\"row\">\n                    <div class=\"col-sm-10 col-xl-12 mx-auto image_lift top left\">\n                        <div class=\" offset-1 col-xs-4 col-sm-12 col-md-10 col-lg-10 col-xl-4 image_lift__img_container top \">\n                            <img decoding=\"async\" src=\"https:\/\/www.helsinkimissio.fi\/wp-content\/uploads\/2023\/02\/800x600_Joulujako-1939-1945.png\" width=\"900\" height=\"600\" class=\"image_lift__img  top\" alt=\"\" loading=\"lazy\">                            <img decoding=\"async\" src=\"https:\/\/www.helsinkimissio.fi\/wp-content\/uploads\/2023\/02\/800x600_Joulujako-1939-1945.png\" width=\"900\" height=\"600\" class=\"image_lift__img mobile  top\" alt=\"\" loading=\"lazy\">\n                        <\/div>\n                        <div class=\"col-xs-4 col-sm-12 col-md-10 col-lg-10 col-xl-5 image_lift__position offset-1  center\">\n                            <main class=\"entry-content \">\n                                \n\n<h3 class=\"wp-block-heading\">1939\u20131945 <strong>hj\u00e4lp till krigsoffer<\/strong><\/h3>\n\n\n\n<p>Under vinter- och forts\u00e4ttningskriget hj\u00e4lper f\u00f6reningen Helsingforsbor tillsammans med Finlands folkhj\u00e4lp. I synnerhet \u00e4r det \u00e4n en g\u00e5ng familjer d\u00e4r fadern har stupat som \u00e4r i behov av hj\u00e4lp. Kristidens med sin ransonering har ocks\u00e5 gjort att mindre bemedlade \u00e4ldre har det sv\u00e5rt.<\/p>\n\n\n                            <\/main>\n                        <\/div>\n                    <\/div>\n                <\/div>\n            <\/div>\n        <\/div>\n<\/section>\n\n<section  class=\"block full-width block-kahdenpalstan-nosto  container-fluid  top-padding\">\n    <div class=\"container\">\n        <div class=\"row\">\n            <div class=\"\">\n                <div class=\"row\">\n                    <div class=\"col-sm-10 col-xl-12 mx-auto image_lift top right\">\n                        <div class=\"  col-xs-4 col-sm-12 col-md-10 col-lg-10 col-xl-4 image_lift__img_container top offset-1\">\n                            <img decoding=\"async\" src=\"https:\/\/www.helsinkimissio.fi\/wp-content\/uploads\/2023\/02\/800x600_1970-luku-081_Kerhotyo_talvikisat.png\" width=\"900\" height=\"600\" class=\"image_lift__img  top\" alt=\"Talvikisat 1970-luvulla, aikuiset ja lapset juovat mehua mukeista.\" loading=\"lazy\">                            <img decoding=\"async\" src=\"https:\/\/www.helsinkimissio.fi\/wp-content\/uploads\/2023\/02\/800x600_1970-luku-081_Kerhotyo_talvikisat.png\" width=\"900\" height=\"600\" class=\"image_lift__img mobile  top\" alt=\"Talvikisat 1970-luvulla, aikuiset ja lapset juovat mehua mukeista.\" loading=\"lazy\">\n                        <\/div>\n                        <div class=\"col-xs-4 col-sm-12 col-md-10 col-lg-10 col-xl-5 image_lift__position  offset-1 center\">\n                            <main class=\"entry-content \">\n                                \n\n<h3 class=\"wp-block-heading\">1950\u20131970 <strong>l\u00e4gerverksamhet f\u00f6r barn och \u00e5ldringar<\/strong><\/h3>\n\n\n\n<p>Efter kriget \u00e4r Helsingfors fullt av grupper av lekande barn och \u00e4ven andelen \u00e5ldringar i staden v\u00e4xer. F\u00f6reningens verksamhet fokuserar p\u00e5 barn- och \u00e5ldringsarbete. F\u00f6r barn ordnas sommarl\u00e4ger och f\u00f6r \u00e5ldringar rekreationsutf\u00e4rder till S\u00e4\u00e4ksi l\u00e4gerg\u00e5rd.<\/p>\n\n\n                            <\/main>\n                        <\/div>\n                    <\/div>\n                <\/div>\n            <\/div>\n        <\/div>\n<\/section>\n\n<section  class=\"block full-width block-kahdenpalstan-nosto  container-fluid  top-padding\">\n    <div class=\"container\">\n        <div class=\"row\">\n            <div class=\"\">\n                <div class=\"row\">\n                    <div class=\"col-sm-10 col-xl-12 mx-auto image_lift top left\">\n                        <div class=\" offset-1 col-xs-4 col-sm-12 col-md-10 col-lg-10 col-xl-4 image_lift__img_container top \">\n                            <img decoding=\"async\" src=\"https:\/\/www.helsinkimissio.fi\/wp-content\/uploads\/2023\/02\/800x600_1993-NKP-poika-ja-lammikko.png\" width=\"900\" height=\"600\" class=\"image_lift__img  top\" alt=\"\" loading=\"lazy\">                            <img decoding=\"async\" src=\"https:\/\/www.helsinkimissio.fi\/wp-content\/uploads\/2023\/02\/800x600_1993-NKP-poika-ja-lammikko.png\" width=\"900\" height=\"600\" class=\"image_lift__img mobile  top\" alt=\"\" loading=\"lazy\">\n                        <\/div>\n                        <div class=\"col-xs-4 col-sm-12 col-md-10 col-lg-10 col-xl-5 image_lift__position offset-1  center\">\n                            <main class=\"entry-content \">\n                                \n\n<h3 class=\"wp-block-heading\">1993  Krisjouren f\u00f6r unga<\/h3>\n\n\n\n<p>P\u00e5 1990-talet drabbas Finland av en djup recession. Vid den tiden \u00f6kar sj\u00e4lvmorden bland unga. Psykiatriska sjuksk\u00f6taren Helin\u00e4 Joenper\u00e4 f\u00f6resl\u00e5r att f\u00f6reningen ska inr\u00e4tta en krisjour som hj\u00e4lper unga. \u00c5r 1993 \u00f6ppnar f\u00f6reningen med st\u00f6d fr\u00e5n Penningautomatf\u00f6reningen <a href=\"https:\/\/www.helsinkimissio.fi\/sv\/for-unga\/\">Krisjouren f\u00f6r unga<\/a>, som erbjuder unga samtalshj\u00e4lp med l\u00e5g tr\u00f6skel. Det \u00e4r en helt ny verksamhetsform i Finland och hela Norden.<\/p>\n\n\n                            <\/main>\n                        <\/div>\n                    <\/div>\n                <\/div>\n            <\/div>\n        <\/div>\n<\/section>\n\n<section  class=\"block full-width block-kahdenpalstan-nosto  container-fluid  top-padding\">\n    <div class=\"container\">\n        <div class=\"row\">\n            <div class=\"\">\n                <div class=\"row\">\n                    <div class=\"col-sm-10 col-xl-12 mx-auto image_lift top right\">\n                        <div class=\"  col-xs-4 col-sm-12 col-md-10 col-lg-10 col-xl-4 image_lift__img_container top offset-1\">\n                            <img decoding=\"async\" src=\"https:\/\/www.helsinkimissio.fi\/wp-content\/uploads\/2023\/02\/800x600_Kuvionuotit-kitarassa.png\" width=\"900\" height=\"600\" class=\"image_lift__img  top\" alt=\"\" loading=\"lazy\">                            <img decoding=\"async\" src=\"https:\/\/www.helsinkimissio.fi\/wp-content\/uploads\/2023\/02\/800x600_Kuvionuotit-kitarassa.png\" width=\"900\" height=\"600\" class=\"image_lift__img mobile  top\" alt=\"\" loading=\"lazy\">\n                        <\/div>\n                        <div class=\"col-xs-4 col-sm-12 col-md-10 col-lg-10 col-xl-5 image_lift__position  offset-1 center\">\n                            <main class=\"entry-content \">\n                                \n\n<h3 class=\"wp-block-heading\">1995 Resonaari<\/h3>\n\n\n\n<p>Musikskolan f\u00f6r personer med specialbehov Resonaari inleder sin verksamhet 1995. I undervisningen anv\u00e4nds figurnoter, en metod som Kaarlo Uusitalo har utvecklat. Det \u00e4r en revolutionerande uppfinning som g\u00f6r det l\u00e4ttare att l\u00e4ra sig spela ett instrument.<\/p>\n\n\n                            <\/main>\n                        <\/div>\n                    <\/div>\n                <\/div>\n            <\/div>\n        <\/div>\n<\/section>\n\n<section  class=\"block full-width block-kahdenpalstan-nosto  container-fluid  top-padding\">\n    <div class=\"container\">\n        <div class=\"row\">\n            <div class=\"\">\n                <div class=\"row\">\n                    <div class=\"col-sm-10 col-xl-12 mx-auto image_lift top left\">\n                        <div class=\" offset-1 col-xs-4 col-sm-12 col-md-10 col-lg-10 col-xl-4 image_lift__img_container top \">\n                            <img decoding=\"async\" src=\"https:\/\/www.helsinkimissio.fi\/wp-content\/uploads\/2023\/02\/800x600_Senioripysa\u0308kki-032.png\" width=\"900\" height=\"600\" class=\"image_lift__img  top\" alt=\"\" loading=\"lazy\">                            <img decoding=\"async\" src=\"https:\/\/www.helsinkimissio.fi\/wp-content\/uploads\/2023\/02\/800x600_Senioripysa\u0308kki-032.png\" width=\"900\" height=\"600\" class=\"image_lift__img mobile  top\" alt=\"\" loading=\"lazy\">\n                        <\/div>\n                        <div class=\"col-xs-4 col-sm-12 col-md-10 col-lg-10 col-xl-5 image_lift__position offset-1  center\">\n                            <main class=\"entry-content \">\n                                \n\n<h3 class=\"wp-block-heading\">2001 <strong>Seniorh\u00e5llplats<\/strong><\/h3>\n\n\n\n<p>F\u00f6reningen b\u00f6rjar utveckla terapi i gruppform f\u00f6r seniorer. Det finns ett behov av terapi, eftersom depression \u00e4r ett allvarligt problem f\u00f6r allt flera \u00e4ldre. \u00c5r 2001 inleder den f\u00f6rsta samtalsgruppen sin verksamhet under rubriken Seniorh\u00e5llplats.<\/p>\n\n\n                            <\/main>\n                        <\/div>\n                    <\/div>\n                <\/div>\n            <\/div>\n        <\/div>\n<\/section>\n\n<section  class=\"block full-width block-kahdenpalstan-nosto  container-fluid  top-padding\">\n    <div class=\"container\">\n        <div class=\"row\">\n            <div class=\"\">\n                <div class=\"row\">\n                    <div class=\"col-sm-10 col-xl-12 mx-auto image_lift top right\">\n                        <div class=\"  col-xs-4 col-sm-12 col-md-10 col-lg-10 col-xl-4 image_lift__img_container top offset-1\">\n                            <img decoding=\"async\" src=\"https:\/\/www.helsinkimissio.fi\/wp-content\/uploads\/2023\/02\/800x600_2005-Voiko-yksina\u0308isyyteen-kuolla.png\" width=\"900\" height=\"600\" class=\"image_lift__img  top\" alt=\"\" loading=\"lazy\">                            <img decoding=\"async\" src=\"https:\/\/www.helsinkimissio.fi\/wp-content\/uploads\/2023\/02\/800x600_2005-Voiko-yksina\u0308isyyteen-kuolla.png\" width=\"900\" height=\"600\" class=\"image_lift__img mobile  top\" alt=\"\" loading=\"lazy\">\n                        <\/div>\n                        <div class=\"col-xs-4 col-sm-12 col-md-10 col-lg-10 col-xl-5 image_lift__position  offset-1 center\">\n                            <main class=\"entry-content \">\n                                \n\n<h3 class=\"wp-block-heading\">2005 HelsingforsMission<\/h3>\n\n\n\n<p>\u00c5r 2005 byter f\u00f6reningen namn till HelsingforsMission. Med det nya namnet breddas verksamhetsomr\u00e5det igen. Innovativt tar man sig an nya verksamhetsformer och utvecklar frivilligverksamheten. HelsingforsMission \u00e4r medvetet om att ensamhet \u00e4r en grundorsak till m\u00e5nga samh\u00e4llsproblem, \u00e4ven fattigdom. F\u00f6reningens mission i samh\u00e4llet blir att minska ensamheten.<\/p>\n\n\n                            <\/main>\n                        <\/div>\n                    <\/div>\n                <\/div>\n            <\/div>\n        <\/div>\n<\/section>\n\n<section  class=\"block full-width block-kahdenpalstan-nosto  container-fluid  top-padding\">\n    <div class=\"container\">\n        <div class=\"row\">\n            <div class=\"\">\n                <div class=\"row\">\n                    <div class=\"col-sm-10 col-xl-12 mx-auto image_lift top left\">\n                        <div class=\" offset-1 col-xs-4 col-sm-12 col-md-10 col-lg-10 col-xl-4 image_lift__img_container top \">\n                            <img decoding=\"async\" src=\"https:\/\/www.helsinkimissio.fi\/wp-content\/uploads\/2023\/02\/Aggredi_ovi_900x600.png\" width=\"900\" height=\"600\" class=\"image_lift__img  top\" alt=\"\" loading=\"lazy\">                            <img decoding=\"async\" src=\"https:\/\/www.helsinkimissio.fi\/wp-content\/uploads\/2023\/02\/Aggredi_ovi_900x600.png\" width=\"900\" height=\"600\" class=\"image_lift__img mobile  top\" alt=\"\" loading=\"lazy\">\n                        <\/div>\n                        <div class=\"col-xs-4 col-sm-12 col-md-10 col-lg-10 col-xl-5 image_lift__position offset-1  center\">\n                            <main class=\"entry-content \">\n                                \n\n<h3 class=\"wp-block-heading\">2006 Aggredi<\/h3>\n\n\n\n<p>Personer som beg\u00e5r v\u00e5ldsd\u00e5d p\u00e5 gatan \u00e4r en grupp som inte erbjuds fungerande hj\u00e4lp. F\u00f6r dem utvecklas en ny arbetsform, Aggredi. Den verksamheten inleds \u00e5r 2006. M\u00e5let med Aggredis arbete \u00e4r att f\u00e5 kundernas v\u00e5ldsamma beteende att minska eller upph\u00f6ra.<\/p>\n\n\n                            <\/main>\n                        <\/div>\n                    <\/div>\n                <\/div>\n            <\/div>\n        <\/div>\n<\/section>\n\n<section  class=\"block full-width block-kahdenpalstan-nosto  container-fluid  top-padding\">\n    <div class=\"container\">\n        <div class=\"row\">\n            <div class=\"\">\n                <div class=\"row\">\n                    <div class=\"col-sm-10 col-xl-12 mx-auto image_lift top right\">\n                        <div class=\"  col-xs-4 col-sm-12 col-md-10 col-lg-10 col-xl-4 image_lift__img_container top offset-1\">\n                            <img decoding=\"async\" src=\"https:\/\/www.helsinkimissio.fi\/wp-content\/uploads\/2023\/02\/800x600_2015-Pelastakaa-sukupolvi-IMGP4554.png\" width=\"900\" height=\"600\" class=\"image_lift__img  top\" alt=\"\" loading=\"lazy\">                            <img decoding=\"async\" src=\"https:\/\/www.helsinkimissio.fi\/wp-content\/uploads\/2023\/02\/800x600_2015-Pelastakaa-sukupolvi-IMGP4554.png\" width=\"900\" height=\"600\" class=\"image_lift__img mobile  top\" alt=\"\" loading=\"lazy\">\n                        <\/div>\n                        <div class=\"col-xs-4 col-sm-12 col-md-10 col-lg-10 col-xl-5 image_lift__position  offset-1 center\">\n                            <main class=\"entry-content \">\n                                \n\n<h3 class=\"wp-block-heading\">2012 <strong>R\u00e4dda generationen<\/strong><\/h3>\n\n\n\n<p>Antalet omh\u00e4ndertagande av barn \u00f6kar och v\u00e4cker oro under 2010-talet. HelsingforsMission vill minska omh\u00e4ndertagandet och drar \u00e5r 2015 ig\u00e5ng projektet R\u00e4dda generationen. Volont\u00e4rer utbildas att bli mentorer f\u00f6r mammor och pappor och erbjuda ensamma barnfamiljer st\u00f6d. Ur projektet v\u00e4xer HelsingforsMissions familjetj\u00e4nster fram.<\/p>\n\n\n                            <\/main>\n                        <\/div>\n                    <\/div>\n                <\/div>\n            <\/div>\n        <\/div>\n<\/section>\n\n<section  class=\"block full-width block-kahdenpalstan-nosto  container-fluid  top-padding\">\n    <div class=\"container\">\n        <div class=\"row\">\n            <div class=\"\">\n                <div class=\"row\">\n                    <div class=\"col-sm-10 col-xl-12 mx-auto image_lift top left\">\n                        <div class=\" offset-1 col-xs-4 col-sm-12 col-md-10 col-lg-10 col-xl-4 image_lift__img_container top \">\n                            <img decoding=\"async\" src=\"https:\/\/www.helsinkimissio.fi\/wp-content\/uploads\/2023\/02\/800x600_2017-Yksina\u0308isyystyo\u0308.png\" width=\"900\" height=\"600\" class=\"image_lift__img  top\" alt=\"\" loading=\"lazy\">                            <img decoding=\"async\" src=\"https:\/\/www.helsinkimissio.fi\/wp-content\/uploads\/2023\/02\/800x600_2017-Yksina\u0308isyystyo\u0308.png\" width=\"900\" height=\"600\" class=\"image_lift__img mobile  top\" alt=\"\" loading=\"lazy\">\n                        <\/div>\n                        <div class=\"col-xs-4 col-sm-12 col-md-10 col-lg-10 col-xl-5 image_lift__position offset-1  center\">\n                            <main class=\"entry-content \">\n                                \n\n<h3 class=\"wp-block-heading\">2017 <strong>Ensamhetsarbete<\/strong><\/h3>\n\n\n\n<p>Ensamhet \u00e4r ett problem f\u00f6r allt fler, i Finland lider redan 400 000 av ensamhet. HelsingforsMissions Ensamhetsarbete str\u00e4var efter att hj\u00e4lpa ensamma att sj\u00e4lv hitta v\u00e4gar att lindra ensamheten. I konceptet anv\u00e4nds en uppgiftsbok och samtalstr\u00e4ffar med professionella hj\u00e4lpare.<\/p>\n\n\n                            <\/main>\n                        <\/div>\n                    <\/div>\n                <\/div>\n            <\/div>\n        <\/div>\n<\/section>\n\n<section  class=\"block full-width block-kahdenpalstan-nosto  container-fluid  top-padding\">\n    <div class=\"container\">\n        <div class=\"row\">\n            <div class=\"\">\n                <div class=\"row\">\n                    <div class=\"col-sm-10 col-xl-12 mx-auto image_lift top right\">\n                        <div class=\"  col-xs-4 col-sm-12 col-md-10 col-lg-10 col-xl-4 image_lift__img_container top offset-1\">\n                            <img decoding=\"async\" src=\"https:\/\/www.helsinkimissio.fi\/wp-content\/uploads\/2023\/02\/800x600_Tyo\u0308-jatkuu_101_LaulaKanssamme_Kinapori_ja_Cecilia.png\" width=\"900\" height=\"600\" class=\"image_lift__img  top\" alt=\"\" loading=\"lazy\">                            <img decoding=\"async\" src=\"https:\/\/www.helsinkimissio.fi\/wp-content\/uploads\/2023\/02\/800x600_Tyo\u0308-jatkuu_101_LaulaKanssamme_Kinapori_ja_Cecilia.png\" width=\"900\" height=\"600\" class=\"image_lift__img mobile  top\" alt=\"\" loading=\"lazy\">\n                        <\/div>\n                        <div class=\"col-xs-4 col-sm-12 col-md-10 col-lg-10 col-xl-5 image_lift__position  offset-1 center\">\n                            <main class=\"entry-content \">\n                                \n\n<h3 class=\"wp-block-heading\"><strong>St\u00e4ndigt arbete mot ensamhet<\/strong><\/h3>\n\n\n\n<p>HelsingforsMissions arbete fortg\u00e5r s\u00e5 l\u00e4nge ensamhet finns. Verksamheten utvecklas och utvidgas s\u00e5 att allt fler m\u00e4nniskor omfattas av v\u00e5r hj\u00e4lp. Vi s\u00f6ker nya, innovativa s\u00e4tt att hj\u00e4lpa. S\u00e5dana \u00e4r till exempel v\u00e5ra program f\u00f6r att minska ensamhet i arbetslivet och i skolor.<\/p>\n\n\n\n<p>Betydelsen av v\u00e5r frivilligverksamhet och dess popularitet forts\u00e4tter att \u00f6ka. I takt med att ensamheten \u00f6kar har m\u00e4nniskor ett behov att engagera sig, att g\u00f6ra n\u00e5got och att hj\u00e4lpa.<\/p>\n\n\n\n<p>&nbsp;Gemenskapsevenemang som konserter och alls\u00e5ng \u00f6kar k\u00e4nslan av delaktighet. \u00c5r 2021 ordnades 180 gemenskapsevenemang som f\u00f6rde med sig 103 666 m\u00f6ten med m\u00e4nniskor.<\/p>\n\n\n                            <\/main>\n                        <\/div>\n                    <\/div>\n                <\/div>\n            <\/div>\n        <\/div>\n<\/section>\n\n\n<section  class=\"block  block-content-wrapper container-fluid \">\n    <div class=\"container\">\n        <div class=\"row  flex-start col-12\" style=\"justify-content: flex-start; \">\n                            <div class=\"\">\n                                    <main class=\"entry-content\">\n                        \n\n<p><strong>K\u00e4lla:<\/strong> Ville Jalovaara, \u00c4l\u00e4 j\u00e4t\u00e4 ihmist\u00e4 yksin. HelsinkiMissio 130 vuotta. Kirjapaja 2015.<\/p>\n\n\n                    <\/main>\n                    <\/div>\n                <\/div>\n        <\/div>\n<\/section>","protected":false},"excerpt":{"rendered":"","protected":false},"author":2,"featured_media":19359,"parent":12414,"menu_order":0,"comment_status":"closed","ping_status":"closed","template":"","meta":{"_acf_changed":false,"_relevanssi_hide_post":"","_relevanssi_hide_content":"","_relevanssi_pin_for_all":"","_relevanssi_pin_keywords":"","_relevanssi_unpin_keywords":"","_relevanssi_related_keywords":"","_relevanssi_related_include_ids":"","_relevanssi_related_exclude_ids":"","_relevanssi_related_no_append":"","_relevanssi_related_not_related":"","_relevanssi_related_posts":"1089,952,899,909","_relevanssi_noindex_reason":"","footnotes":""},"class_list":["post-20206","page","type-page","status-publish","has-post-thumbnail","hentry"],"acf":[],"yoast_head":"<!-- This site is optimized with the Yoast SEO plugin v27.4 - https:\/\/yoast.com\/product\/yoast-seo-wordpress\/ -->\n<title>V\u00e5r historia &#8212; HelsinkiMissio<\/title>\n<meta name=\"description\" content=\"Vi har redan varit verksamma i Helsingfors i 140 \u00e5r. Vi k\u00e4nner ensamheten och vet hur den kan besegras.\" \/>\n<meta name=\"robots\" content=\"index, follow, max-snippet:-1, max-image-preview:large, max-video-preview:-1\" \/>\n<link rel=\"canonical\" href=\"https:\/\/www.helsinkimissio.fi\/sv\/helsingforsmission\/historia\/\" \/>\n<meta property=\"og:locale\" content=\"sv_SE\" \/>\n<meta property=\"og:type\" content=\"article\" \/>\n<meta property=\"og:title\" content=\"V\u00e5r historia &#8212; HelsinkiMissio\" \/>\n<meta property=\"og:description\" content=\"Vi har redan varit verksamma i Helsingfors i 140 \u00e5r. Vi k\u00e4nner ensamheten och vet hur den kan besegras.\" \/>\n<meta property=\"og:url\" content=\"https:\/\/www.helsinkimissio.fi\/sv\/helsingforsmission\/historia\/\" \/>\n<meta property=\"og:site_name\" content=\"HelsinkiMissio\" \/>\n<meta property=\"article:publisher\" content=\"https:\/\/www.facebook.com\/HelsinkiMissio\/\" \/>\n<meta property=\"article:modified_time\" content=\"2024-08-30T08:36:56+00:00\" \/>\n<meta property=\"og:image\" content=\"https:\/\/www.helsinkimissio.fi\/wp-content\/uploads\/2023\/02\/800x600_Na\u0308kyma\u0308-Unioninkadulle-1890-kaupunkikuva.png\" \/>\n\t<meta property=\"og:image:width\" content=\"900\" \/>\n\t<meta property=\"og:image:height\" content=\"600\" \/>\n\t<meta property=\"og:image:type\" content=\"image\/png\" \/>\n<meta name=\"twitter:card\" content=\"summary_large_image\" \/>\n<meta name=\"twitter:site\" content=\"@HelsinkiMissio\" \/>\n<meta name=\"twitter:label1\" content=\"Ber\u00e4knad l\u00e4stid\" \/>\n\t<meta name=\"twitter:data1\" content=\"15 minuter\" \/>\n<script type=\"application\/ld+json\" class=\"yoast-schema-graph\">{\"@context\":\"https:\\\/\\\/schema.org\",\"@graph\":[{\"@type\":\"WebPage\",\"@id\":\"https:\\\/\\\/www.helsinkimissio.fi\\\/sv\\\/helsingforsmission\\\/historia\\\/\",\"url\":\"https:\\\/\\\/www.helsinkimissio.fi\\\/sv\\\/helsingforsmission\\\/historia\\\/\",\"name\":\"V\u00e5r historia &#8212; HelsinkiMissio\",\"isPartOf\":{\"@id\":\"https:\\\/\\\/www.helsinkimissio.fi\\\/sv\\\/#website\"},\"primaryImageOfPage\":{\"@id\":\"https:\\\/\\\/www.helsinkimissio.fi\\\/sv\\\/helsingforsmission\\\/historia\\\/#primaryimage\"},\"image\":{\"@id\":\"https:\\\/\\\/www.helsinkimissio.fi\\\/sv\\\/helsingforsmission\\\/historia\\\/#primaryimage\"},\"thumbnailUrl\":\"https:\\\/\\\/www.helsinkimissio.fi\\\/wp-content\\\/uploads\\\/2023\\\/02\\\/800x600_Na\u0308kyma\u0308-Unioninkadulle-1890-kaupunkikuva.png\",\"datePublished\":\"2022-05-20T10:49:47+00:00\",\"dateModified\":\"2024-08-30T08:36:56+00:00\",\"description\":\"Vi har redan varit verksamma i Helsingfors i 140 \u00e5r. Vi k\u00e4nner ensamheten och vet hur den kan besegras.\",\"breadcrumb\":{\"@id\":\"https:\\\/\\\/www.helsinkimissio.fi\\\/sv\\\/helsingforsmission\\\/historia\\\/#breadcrumb\"},\"inLanguage\":\"sv-SE\",\"potentialAction\":[{\"@type\":\"ReadAction\",\"target\":[\"https:\\\/\\\/www.helsinkimissio.fi\\\/sv\\\/helsingforsmission\\\/historia\\\/\"]}]},{\"@type\":\"ImageObject\",\"inLanguage\":\"sv-SE\",\"@id\":\"https:\\\/\\\/www.helsinkimissio.fi\\\/sv\\\/helsingforsmission\\\/historia\\\/#primaryimage\",\"url\":\"https:\\\/\\\/www.helsinkimissio.fi\\\/wp-content\\\/uploads\\\/2023\\\/02\\\/800x600_Na\u0308kyma\u0308-Unioninkadulle-1890-kaupunkikuva.png\",\"contentUrl\":\"https:\\\/\\\/www.helsinkimissio.fi\\\/wp-content\\\/uploads\\\/2023\\\/02\\\/800x600_Na\u0308kyma\u0308-Unioninkadulle-1890-kaupunkikuva.png\",\"width\":900,\"height\":600},{\"@type\":\"BreadcrumbList\",\"@id\":\"https:\\\/\\\/www.helsinkimissio.fi\\\/sv\\\/helsingforsmission\\\/historia\\\/#breadcrumb\",\"itemListElement\":[{\"@type\":\"ListItem\",\"position\":1,\"name\":\"Etusivu\",\"item\":\"https:\\\/\\\/www.helsinkimissio.fi\\\/sv\\\/\"},{\"@type\":\"ListItem\",\"position\":2,\"name\":\"HelsingforsMission\",\"item\":\"https:\\\/\\\/www.helsinkimissio.fi\\\/sv\\\/helsingforsmission\\\/\"},{\"@type\":\"ListItem\",\"position\":3,\"name\":\"V\u00e5r historia\"}]},{\"@type\":\"WebSite\",\"@id\":\"https:\\\/\\\/www.helsinkimissio.fi\\\/sv\\\/#website\",\"url\":\"https:\\\/\\\/www.helsinkimissio.fi\\\/sv\\\/\",\"name\":\"Yhdess\u00e4 yksin\u00e4isyys voitetaan \u2013 HelsinkiMissio\",\"description\":\"Yhdess\u00e4 yksin\u00e4isyys voitetaan.\",\"publisher\":{\"@id\":\"https:\\\/\\\/www.helsinkimissio.fi\\\/sv\\\/#organization\"},\"alternateName\":\"HelsinkiMissio\",\"potentialAction\":[{\"@type\":\"SearchAction\",\"target\":{\"@type\":\"EntryPoint\",\"urlTemplate\":\"https:\\\/\\\/www.helsinkimissio.fi\\\/sv\\\/?s={search_term_string}\"},\"query-input\":{\"@type\":\"PropertyValueSpecification\",\"valueRequired\":true,\"valueName\":\"search_term_string\"}}],\"inLanguage\":\"sv-SE\"},{\"@type\":\"Organization\",\"@id\":\"https:\\\/\\\/www.helsinkimissio.fi\\\/sv\\\/#organization\",\"name\":\"HelsinkiMissio\",\"url\":\"https:\\\/\\\/www.helsinkimissio.fi\\\/sv\\\/\",\"logo\":{\"@type\":\"ImageObject\",\"inLanguage\":\"sv-SE\",\"@id\":\"https:\\\/\\\/www.helsinkimissio.fi\\\/sv\\\/#\\\/schema\\\/logo\\\/image\\\/\",\"url\":\"https:\\\/\\\/www.helsinkimissio.fi\\\/wp-content\\\/uploads\\\/2022\\\/07\\\/cropped-Helsinkimissio_sin_logo.png\",\"contentUrl\":\"https:\\\/\\\/www.helsinkimissio.fi\\\/wp-content\\\/uploads\\\/2022\\\/07\\\/cropped-Helsinkimissio_sin_logo.png\",\"width\":512,\"height\":512,\"caption\":\"HelsinkiMissio\"},\"image\":{\"@id\":\"https:\\\/\\\/www.helsinkimissio.fi\\\/sv\\\/#\\\/schema\\\/logo\\\/image\\\/\"},\"sameAs\":[\"https:\\\/\\\/www.facebook.com\\\/HelsinkiMissio\\\/\",\"https:\\\/\\\/x.com\\\/HelsinkiMissio\",\"https:\\\/\\\/www.instagram.com\\\/helsinkimissio\\\/\",\"https:\\\/\\\/www.linkedin.com\\\/company\\\/10844786\\\/\",\"https:\\\/\\\/www.youtube.com\\\/channel\\\/UCzKk3pYABu9D-DzQAx1Yr2w\"]}]}<\/script>\n<!-- \/ Yoast SEO plugin. -->","yoast_head_json":{"title":"V\u00e5r historia &#8212; HelsinkiMissio","description":"Vi har redan varit verksamma i Helsingfors i 140 \u00e5r. Vi k\u00e4nner ensamheten och vet hur den kan besegras.","robots":{"index":"index","follow":"follow","max-snippet":"max-snippet:-1","max-image-preview":"max-image-preview:large","max-video-preview":"max-video-preview:-1"},"canonical":"https:\/\/www.helsinkimissio.fi\/sv\/helsingforsmission\/historia\/","og_locale":"sv_SE","og_type":"article","og_title":"V\u00e5r historia &#8212; HelsinkiMissio","og_description":"Vi har redan varit verksamma i Helsingfors i 140 \u00e5r. Vi k\u00e4nner ensamheten och vet hur den kan besegras.","og_url":"https:\/\/www.helsinkimissio.fi\/sv\/helsingforsmission\/historia\/","og_site_name":"HelsinkiMissio","article_publisher":"https:\/\/www.facebook.com\/HelsinkiMissio\/","article_modified_time":"2024-08-30T08:36:56+00:00","og_image":[{"width":900,"height":600,"url":"https:\/\/www.helsinkimissio.fi\/wp-content\/uploads\/2023\/02\/800x600_Na\u0308kyma\u0308-Unioninkadulle-1890-kaupunkikuva.png","type":"image\/png"}],"twitter_card":"summary_large_image","twitter_site":"@HelsinkiMissio","twitter_misc":{"Ber\u00e4knad l\u00e4stid":"15 minuter"},"schema":{"@context":"https:\/\/schema.org","@graph":[{"@type":"WebPage","@id":"https:\/\/www.helsinkimissio.fi\/sv\/helsingforsmission\/historia\/","url":"https:\/\/www.helsinkimissio.fi\/sv\/helsingforsmission\/historia\/","name":"V\u00e5r historia &#8212; HelsinkiMissio","isPartOf":{"@id":"https:\/\/www.helsinkimissio.fi\/sv\/#website"},"primaryImageOfPage":{"@id":"https:\/\/www.helsinkimissio.fi\/sv\/helsingforsmission\/historia\/#primaryimage"},"image":{"@id":"https:\/\/www.helsinkimissio.fi\/sv\/helsingforsmission\/historia\/#primaryimage"},"thumbnailUrl":"https:\/\/www.helsinkimissio.fi\/wp-content\/uploads\/2023\/02\/800x600_Na\u0308kyma\u0308-Unioninkadulle-1890-kaupunkikuva.png","datePublished":"2022-05-20T10:49:47+00:00","dateModified":"2024-08-30T08:36:56+00:00","description":"Vi har redan varit verksamma i Helsingfors i 140 \u00e5r. Vi k\u00e4nner ensamheten och vet hur den kan besegras.","breadcrumb":{"@id":"https:\/\/www.helsinkimissio.fi\/sv\/helsingforsmission\/historia\/#breadcrumb"},"inLanguage":"sv-SE","potentialAction":[{"@type":"ReadAction","target":["https:\/\/www.helsinkimissio.fi\/sv\/helsingforsmission\/historia\/"]}]},{"@type":"ImageObject","inLanguage":"sv-SE","@id":"https:\/\/www.helsinkimissio.fi\/sv\/helsingforsmission\/historia\/#primaryimage","url":"https:\/\/www.helsinkimissio.fi\/wp-content\/uploads\/2023\/02\/800x600_Na\u0308kyma\u0308-Unioninkadulle-1890-kaupunkikuva.png","contentUrl":"https:\/\/www.helsinkimissio.fi\/wp-content\/uploads\/2023\/02\/800x600_Na\u0308kyma\u0308-Unioninkadulle-1890-kaupunkikuva.png","width":900,"height":600},{"@type":"BreadcrumbList","@id":"https:\/\/www.helsinkimissio.fi\/sv\/helsingforsmission\/historia\/#breadcrumb","itemListElement":[{"@type":"ListItem","position":1,"name":"Etusivu","item":"https:\/\/www.helsinkimissio.fi\/sv\/"},{"@type":"ListItem","position":2,"name":"HelsingforsMission","item":"https:\/\/www.helsinkimissio.fi\/sv\/helsingforsmission\/"},{"@type":"ListItem","position":3,"name":"V\u00e5r historia"}]},{"@type":"WebSite","@id":"https:\/\/www.helsinkimissio.fi\/sv\/#website","url":"https:\/\/www.helsinkimissio.fi\/sv\/","name":"Yhdess\u00e4 yksin\u00e4isyys voitetaan \u2013 HelsinkiMissio","description":"Yhdess\u00e4 yksin\u00e4isyys voitetaan.","publisher":{"@id":"https:\/\/www.helsinkimissio.fi\/sv\/#organization"},"alternateName":"HelsinkiMissio","potentialAction":[{"@type":"SearchAction","target":{"@type":"EntryPoint","urlTemplate":"https:\/\/www.helsinkimissio.fi\/sv\/?s={search_term_string}"},"query-input":{"@type":"PropertyValueSpecification","valueRequired":true,"valueName":"search_term_string"}}],"inLanguage":"sv-SE"},{"@type":"Organization","@id":"https:\/\/www.helsinkimissio.fi\/sv\/#organization","name":"HelsinkiMissio","url":"https:\/\/www.helsinkimissio.fi\/sv\/","logo":{"@type":"ImageObject","inLanguage":"sv-SE","@id":"https:\/\/www.helsinkimissio.fi\/sv\/#\/schema\/logo\/image\/","url":"https:\/\/www.helsinkimissio.fi\/wp-content\/uploads\/2022\/07\/cropped-Helsinkimissio_sin_logo.png","contentUrl":"https:\/\/www.helsinkimissio.fi\/wp-content\/uploads\/2022\/07\/cropped-Helsinkimissio_sin_logo.png","width":512,"height":512,"caption":"HelsinkiMissio"},"image":{"@id":"https:\/\/www.helsinkimissio.fi\/sv\/#\/schema\/logo\/image\/"},"sameAs":["https:\/\/www.facebook.com\/HelsinkiMissio\/","https:\/\/x.com\/HelsinkiMissio","https:\/\/www.instagram.com\/helsinkimissio\/","https:\/\/www.linkedin.com\/company\/10844786\/","https:\/\/www.youtube.com\/channel\/UCzKk3pYABu9D-DzQAx1Yr2w"]}]}},"_links":{"self":[{"href":"https:\/\/www.helsinkimissio.fi\/sv\/wp-json\/wp\/v2\/pages\/20206","targetHints":{"allow":["GET"]}}],"collection":[{"href":"https:\/\/www.helsinkimissio.fi\/sv\/wp-json\/wp\/v2\/pages"}],"about":[{"href":"https:\/\/www.helsinkimissio.fi\/sv\/wp-json\/wp\/v2\/types\/page"}],"author":[{"embeddable":true,"href":"https:\/\/www.helsinkimissio.fi\/sv\/wp-json\/wp\/v2\/users\/2"}],"replies":[{"embeddable":true,"href":"https:\/\/www.helsinkimissio.fi\/sv\/wp-json\/wp\/v2\/comments?post=20206"}],"version-history":[{"count":5,"href":"https:\/\/www.helsinkimissio.fi\/sv\/wp-json\/wp\/v2\/pages\/20206\/revisions"}],"predecessor-version":[{"id":32218,"href":"https:\/\/www.helsinkimissio.fi\/sv\/wp-json\/wp\/v2\/pages\/20206\/revisions\/32218"}],"up":[{"embeddable":true,"href":"https:\/\/www.helsinkimissio.fi\/sv\/wp-json\/wp\/v2\/pages\/12414"}],"wp:featuredmedia":[{"embeddable":true,"href":"https:\/\/www.helsinkimissio.fi\/sv\/wp-json\/wp\/v2\/media\/19359"}],"wp:attachment":[{"href":"https:\/\/www.helsinkimissio.fi\/sv\/wp-json\/wp\/v2\/media?parent=20206"}],"curies":[{"name":"wp","href":"https:\/\/api.w.org\/{rel}","templated":true}]}}