{"id":42965,"date":"2026-09-04T10:17:46","date_gmt":"2026-09-04T07:17:46","guid":{"rendered":"https:\/\/www.helsinkimissio.fi\/?page_id=42965"},"modified":"2026-09-04T14:06:12","modified_gmt":"2026-09-04T11:06:12","slug":"school-to-belong-ensamhetsenkat-2026","status":"publish","type":"page","link":"https:\/\/www.helsinkimissio.fi\/sv\/school-to-belong-ensamhetsenkat-2026\/","title":{"rendered":"School to Belong ensamhetsenk\u00e4t 2026"},"content":{"rendered":"\n<section  class=\"block block-hero-element container-fluid has-teal-background-color has-bg block block-hero-element-- block-hero-element__desktop-background\" style=\"background-image: url();\">\n    <div class=\"block-hero-element__mobile-background\">\n        <div class=\"container\">\n            <div class=\"row\">\n                <div class=\"col-sm-10 col-md-12 col-hd-12 mx-auto\">\n                    <div class=\"row  block-hero-element__wrapper block-hero-element--text-left   not_front_hero padding-zero\">\n                        <div class=\"offset-1 col-sm-10 col-md-10 col-lg-5 col-xl-5 block-hero-element__text-area block-hero-element--text-vertical-position-center\">\n                            \n\n    <h1 class=\"colored-heading no-background new wp-elements-d721dd3014676a3271f005aa86b9b00a\">\n                                <p class=\"has-background bg- has-dark-blue-background-color has-white-text-color\"> School to <\/p> <br>\n                                <p class=\"has-background bg- has-dark-blue-background-color has-white-text-color\"> Belong  <\/p> <br>\n                                <p class=\"has-background bg- has-dark-blue-background-color has-white-text-color\"> ensamhets- <\/p> <br>\n                                <p class=\"has-background bg- has-dark-blue-background-color has-white-text-color\"> enk\u00e4t 2026 <\/p> <br>\n            <\/h1>\n\n\n\n<p class=\"has-dark-blue-color has-text-color has-link-color wp-elements-918c19f051eb1b1722d35f0f9aa34f0c wp-block-paragraph\">School to Belong-programmets ensamhetsenk\u00e4t genomf\u00f6rs \u00e5rligen vid de l\u00e4roanstalter som deltar i programmet. Resultaten ger information om erfarenheter av ensamhet ur elevernas, studerandes, personalens och v\u00e5rdnadshavarnas perspektiv. School to Belong \u00e4r ett riksomfattande program f\u00f6r h\u00f6gstadier, gymnasier, yrkesl\u00e4roanstalter och h\u00f6gskolor. Programmet st\u00f6der l\u00e4roanstalter i arbetet i att minska ensamhet och st\u00e4rka gemenskapen.<\/p>\n\n\n\n<div class=\"wp-block-buttons is-layout-flex wp-block-buttons-is-layout-flex\">\n<div class=\"wp-block-button\"><a class=\"wp-block-button__link has-dark-blue-background-color has-background wp-element-button\" href=\"https:\/\/www.helsinkimissio.fi\/wp-content\/uploads\/2026\/09\/School-to-Belong-ensamhetsenka\u0308t-2026.pdf\">Bekanta dig med resultaten<\/a><\/div>\n<\/div>\n\n\n                        <\/div>\n                                                    <div class=\" offset-1 col-sm-10 col-md-10 col-lg-5 col-xl-4 block-hero-element__image-area block-hero-element__image-area--center\">\n                                <img decoding=\"async\" src=\"https:\/\/www.helsinkimissio.fi\/wp-content\/uploads\/2025\/01\/600x900_Nosto_Nuoret_Puistossa.jpg\" width=\"600\" height=\"900\" alt=\"Yksin\u00e4inen poika puistossa\" fetchpriority=\"high\" data-no-lazy=\"1\">                            <\/div>\n                        \n                        \n                    <\/div>\n                <\/div>\n            <\/div>\n        <\/div>\n    <\/div>\n<\/section>\n\n\n<section  class=\"block  block-content-wrapper container-fluid \">\n    <div class=\"container\">\n        <div class=\"row  flex-start col-12\" style=\"justify-content: flex-start; \">\n                            <div class=\"\">\n                                    <main class=\"entry-content\">\n                        \n\n<h1 class=\"wp-block-heading\">Genomf\u00f6randet av enk\u00e4ten<\/h1>\n\n\n\n<p class=\"wp-block-paragraph\">9 900 elever eller studerande, 1 421 anst\u00e4llda och 1 226 v\u00e5rdnadshavare svarade p\u00e5 School to Belong-ensamhetsenk\u00e4t.<\/p>\n\n\n\n<p class=\"wp-block-paragraph\">HelsingforsMission genomf\u00f6rde enk\u00e4ten f\u00f6r femte g\u00e5ngen. Svarstiden var 25.3\u20136.6.2026.<\/p>\n\n\n\n<p class=\"wp-block-paragraph\">Enk\u00e4ten genomf\u00f6rs \u00e5rligen bland l\u00e4roanstalter som deltar i School to Belong-programmet.<\/p>\n\n\n                    <\/main>\n                    <\/div>\n                <\/div>\n        <\/div>\n<\/section>\n\n\n<section  class=\"block block-keynumbers sum-4\">\n    <div class=\"container\">\n        <div class=\"row\">\n            <div class=\"col-12 col-lg-10 offset-lg-1\">\n                                    <h2 class=\"block-title\">Centrala resultat<\/h2>\n                            \n                <div class=\"row cols\">\n\n                \n                        <div class=\"col col-12 col-md-3\">\n                                                    <button aria-expanded=\"false\" class=\"open-content\">\n                                                            <div id=\"card-id-1\" class=\"keynumbers-card direction-column small card-1\"\n                                data-number=\"25\"\n                                > \n                                                                        <span class=\"show-content\"><\/span>    \n                                    \n                                    <div class=\"img-wrapper\">\n                                    <img decoding=\"async\" src=\"https:\/\/www.helsinkimissio.fi\/wp-content\/uploads\/2024\/07\/Group-3625@2x_ikoni.png\" width=\"360\" height=\"360\" alt=\"\" loading=\"lazy\">                                    <\/div>   \n\n                                    <div class=\"text-content\">\n                                                                            <div class=\"value-wrapper\">\n                                                \n                                            <span id=\"countnum-6a9ad52b9bd23\" class=\"countnum value\">\n                                                0                                            <\/span> \n                                                                                        <span>&nbsp;%<\/span>    \n                                                  \n                                        <\/div>\n                                    \n                                                                        <p class=\"desc \">upplever ensamhet<\/p>    \n                                                                        <\/div>\n                                <\/div>\n                                                        <\/button>\n                                                    <\/div>\n\n                                                <div id=\"content-id-1\" class=\"accordion-content col-12 order-md-last\">\n                            <div class=\"content\">\n                                <div class=\"entry-content\">\n                                                                <p><p>Av de elever och studerande som svarade p\u00e5 enk\u00e4ten upplever 25 % ensamhet vid sin l\u00e4roanstalt \u00e5tminstone ibland (n=2 442). Till denna grupp h\u00f6r studerande som uppger att de upplever ensamhet ibland (16 %), ganska ofta (5 %) eller st\u00e4ndigt (3 %). I enk\u00e4ten 2025 var motsvarande andel 34 %. \u00c4ven om detta tyder p\u00e5 att ensamheten har minskat \u00e4r enk\u00e4terna inte helt j\u00e4mf\u00f6rbara p\u00e5 grund av skillnader i respondentgrupperna.<\/p>\n<p>Det \u00e4r \u00e4nd\u00e5 viktigt att notera att tillf\u00e4llig ensamhet inte \u00e4r skadlig. Ensamhet h\u00f6r till m\u00e5nga skeden i ungas liv, till exempel n\u00e4r man byter studieplats eller v\u00e4nkretsen f\u00f6r\u00e4ndras. Vanligtvis f\u00f6rblir ensamheten ett tillf\u00e4lligt tillst\u00e5nd.<\/p>\n<p>75 % av dem som svarade p\u00e5 enk\u00e4ten upplever aldrig eller mycket s\u00e4llan ensamhet (n=7 458). En tydlig majoritet upplever inte ensamhet. Denna grupp har \u00e4nd\u00e5 stor betydelse f\u00f6r vilken st\u00e4mning som r\u00e5der vid l\u00e4roanstalten. Att h\u00e4lsa p\u00e5 varandra, bjuda med och acceptera alla som de \u00e4r f\u00f6rebygger uppkomsten av ensamhet.<\/p>\n<\/p>\n                                \n                                                                <\/div>\n                            <\/div>\n                        <\/div>\n                        \n                        <div class=\"col col-12 col-md-3\">\n                                                    <button aria-expanded=\"false\" class=\"open-content\">\n                                                            <div id=\"card-id-2\" class=\"keynumbers-card direction-column small card-2\"\n                                data-number=\"8\"\n                                > \n                                                                        <span class=\"show-content\"><\/span>    \n                                    \n                                    <div class=\"img-wrapper\">\n                                    <img decoding=\"async\" src=\"https:\/\/www.helsinkimissio.fi\/wp-content\/uploads\/2024\/07\/Group-3625@2x-1_ikoni.png\" width=\"360\" height=\"360\" alt=\"\" loading=\"lazy\">                                    <\/div>   \n\n                                    <div class=\"text-content\">\n                                                                            <div class=\"value-wrapper\">\n                                                \n                                            <span id=\"countnum-6a9ad52b9bd4c\" class=\"countnum value\">\n                                                0                                            <\/span> \n                                                                                        <span>&nbsp;%<\/span>    \n                                                  \n                                        <\/div>\n                                    \n                                                                        <p class=\"desc \">upplever skadlig ensamhet<\/p>    \n                                                                        <\/div>\n                                <\/div>\n                                                        <\/button>\n                                                    <\/div>\n\n                                                <div id=\"content-id-2\" class=\"accordion-content col-12 order-md-last\">\n                            <div class=\"content\">\n                                <div class=\"entry-content\">\n                                                                <p><p>Av de elever och studerande som svarade p\u00e5 enk\u00e4ten om ensamhet upplever 8 % (n=837) skadlig ensamhet. I enk\u00e4ten definieras skadlig ensamhet som ensamhet som upplevs ganska ofta eller st\u00e4ndigt. Tillf\u00e4llig ensamhet \u00e4r mycket vanligt, men \u00e4r i regel inte skadlig f\u00f6r individens v\u00e4lbefinnande.<\/p>\n<p>Den skadliga ensamheten verkar ha minskat under de senaste \u00e5ren, men ber\u00f6r fortfarande en betydande grupp unga. I enk\u00e4ten 2025 upplevde 14 % skadlig ensamhet, vilket inneb\u00e4r att upplevelsen av ensamhet nu ligger p\u00e5 en l\u00e4gre niv\u00e5 \u00e4n tidigare. Resultaten fr\u00e5n enk\u00e4terna \u00e4r dock inte helt j\u00e4mf\u00f6rbara, eftersom enk\u00e4ten besvaras vid olika l\u00e4roanstalter olika \u00e5r. L\u00e4roanstalterna skiljer sig fr\u00e5n varandra och respondentgruppen varierar. Trots detta \u00e4r resultatet en positiv signal.<\/p>\n<p>Resultaten fr\u00e5n THL:s skolh\u00e4lsoenk\u00e4t st\u00f6der iakttagelsen att ensamheten har minskat. \u00c5r 2023 upplevde 15 % av h\u00f6gstadieeleverna och 16 % av gymnasie- och yrkesstuderandena ensamhet. \u00c5r 2025 var andelen ensamma 13 % i h\u00f6gstadierna och 12 % i gymnasierna och yrkesl\u00e4roanstalterna. School to Belong-enk\u00e4ten fokuserar p\u00e5 ensamhet som upplevs vid l\u00e4roanstalten.<\/p>\n<\/p>\n                                \n                                                                <\/div>\n                            <\/div>\n                        <\/div>\n                        \n                        <div class=\"col col-12 col-md-3\">\n                                                    <button aria-expanded=\"false\" class=\"open-content\">\n                                                            <div id=\"card-id-3\" class=\"keynumbers-card direction-column small card-3\"\n                                data-number=\"85\"\n                                > \n                                                                        <span class=\"show-content\"><\/span>    \n                                    \n                                    <div class=\"img-wrapper\">\n                                    <img decoding=\"async\" src=\"https:\/\/www.helsinkimissio.fi\/wp-content\/uploads\/2024\/07\/Group-3625@2x_ikoni.png\" width=\"360\" height=\"360\" alt=\"\" loading=\"lazy\">                                    <\/div>   \n\n                                    <div class=\"text-content\">\n                                                                            <div class=\"value-wrapper\">\n                                                \n                                            <span id=\"countnum-6a9ad52b9bd6f\" class=\"countnum value\">\n                                                0                                            <\/span> \n                                                                                        <span>&nbsp;%<\/span>    \n                                                  \n                                        <\/div>\n                                    \n                                                                        <p class=\"desc \">av de unga som upplever ensamhet beskriver att de inte h\u00f6r till en v\u00e4nkrets<\/p>    \n                                                                        <\/div>\n                                <\/div>\n                                                        <\/button>\n                                                    <\/div>\n\n                                                <div id=\"content-id-3\" class=\"accordion-content col-12 order-md-last\">\n                            <div class=\"content\">\n                                <div class=\"entry-content\">\n                                                                <p><p>Elever och studerande som upplever skadlig ensamhet (8 %, n=837) har betydligt oftare \u00e4n andra negativa erfarenheter av sin sociala situation. Ensamhet \u00e4r inte bara ett obehagligt tillst\u00e5nd, utan en m\u00e5ngfacetterad upplevelse som p\u00e5verkar socialt umg\u00e4nge och v\u00e4lbefinnande.<\/p>\n<p>Av de elever och studeranden som upplever ensamhet beskriver 44 % att de \u00e4r isolerade fr\u00e5n andra, 52 % att de st\u00e5r utanf\u00f6r och 25 % att de blir utfrysta. Endast 15 % upplever att de h\u00f6r till en v\u00e4nkrets. Dessa erfarenheter \u00e4r betydligt mer s\u00e4llsynta bland elever och studerande som inte \u00e4r ensamma: 3 % upplever att de \u00e4r isolerade fr\u00e5n andra, 3 % att de st\u00e5r utanf\u00f6r och 2 % att de blir utfrysta. Hela 75 % upplever att de \u00e4r en del av en v\u00e4nkrets.<\/p>\n<p>Negativa sociala erfarenheter under ungdoms\u00e5ren kan leda till l\u00e5ngvarig, till och med livsl\u00e5ng, ensamhet. De psykosociala konsekvenserna av l\u00e5ngvarig ensamhet kan vara allvarliga. Ensamhet \u00e4r bland annat kopplad till psykisk oh\u00e4lsa, fysiska sjukdomar och risk f\u00f6r marginalisering. Ensamhet \u00e4r starkt f\u00f6rknippad med upplevelsen av att h\u00f6ra till en gemenskap. Att st\u00e4rka gemenskapen vid l\u00e4roanstalterna \u00e4r en viktig faktor som st\u00f6der v\u00e4lbefinnandet, ocks\u00e5 med tanke p\u00e5 det senare livet.<\/p>\n<\/p>\n                                \n                                                                <\/div>\n                            <\/div>\n                        <\/div>\n                        \n                        <div class=\"col col-12 col-md-3\">\n                                                    <button aria-expanded=\"false\" class=\"open-content\">\n                                                            <div id=\"card-id-4\" class=\"keynumbers-card direction-column small card-4\"\n                                data-number=\"63\"\n                                > \n                                                                        <span class=\"show-content\"><\/span>    \n                                    \n                                    <div class=\"img-wrapper\">\n                                    <img decoding=\"async\" src=\"https:\/\/www.helsinkimissio.fi\/wp-content\/uploads\/2024\/07\/Group-3625@2x-1_ikoni.png\" width=\"360\" height=\"360\" alt=\"\" loading=\"lazy\">                                    <\/div>   \n\n                                    <div class=\"text-content\">\n                                                                            <div class=\"value-wrapper\">\n                                                \n                                            <span id=\"countnum-6a9ad52b9bd91\" class=\"countnum value\">\n                                                0                                            <\/span> \n                                                                                        <span>&nbsp;%<\/span>    \n                                                  \n                                        <\/div>\n                                    \n                                                                        <p class=\"desc \">av de som upplever st\u00e4ndig ensamhet har m\u00e4rkt att det p\u00e5verkar studiemotivationen<\/p>    \n                                                                        <\/div>\n                                <\/div>\n                                                        <\/button>\n                                                    <\/div>\n\n                                                <div id=\"content-id-4\" class=\"accordion-content col-12 order-md-last\">\n                            <div class=\"content\">\n                                <div class=\"entry-content\">\n                                                                <p><p>Elever och studerande som upplever st\u00e4ndig ensamhet (3 %, n=330) ber\u00e4ttar att ensamheten p\u00e5tagligt p\u00e5verkar deras vilja att l\u00e4ra sig och studera. I denna grupp upplever 63 % att ensamheten p\u00e5verkar studiemotivationen. Som j\u00e4mf\u00f6relse uppger 15 % av de elever och studerande som endast ibland upplever ensamhet att den p\u00e5verkar studiemotivationen.<\/p>\n<p>Resultaten visar att studiemotivation inte bara \u00e4r en egenskap p\u00e5 individniv\u00e5, utan ocks\u00e5 har en social dimension. En elev eller studerande som inte k\u00e4nner sig v\u00e4lkommen vid l\u00e4roanstalten \u00e4r sannolikt mindre engagerad i sina studier. Omv\u00e4nt kan v\u00e4nskapsrelationer skapa engagemang och uppmuntra till studier, \u00e4ven n\u00e4r den studerandes egen inre motivation har f\u00f6rsvagats.<\/p>\n<p>Den samh\u00e4lleliga diskussionen om de sjunkande PISA-resultaten och andra f\u00f6rs\u00e4mrade l\u00e4randeresultat under 2000-talet fokuserar ofta p\u00e5 faktorer som direkt p\u00e5verkar undervisningen, s\u00e5som pedagogik och undervisningsresurser. Resultaten fr\u00e5n enk\u00e4ten understryker betydelsen av elevernas v\u00e4lbefinnande och sociala relationer som en faktor som p\u00e5verkar l\u00e4randeresultaten.<\/p>\n<\/p>\n                                \n                                                                <\/div>\n                            <\/div>\n                        <\/div>\n                           \n                <\/div>\n            <\/div>\n        <\/div>\n    <\/div>\n<\/section>\n\n<section  class=\"block full-width block-kahdenpalstan-nosto  container-fluid has-background bg- margin-negative-off has-dark-blue-background-color has-white-text-color wp-elements-dc914eeb60dc32397a070be1d21645d9\">\n    <div class=\"container\">\n        <div class=\"row\">\n            <div class=\"\">\n                <div class=\"row\">\n                    <div class=\"col-sm-10 col-xl-12 mx-auto image_lift top right\">\n                        <div class=\"  col-xs-4 col-sm-12 col-md-10 col-lg-10 col-xl-4 image_lift__img_container top offset-1\">\n                            <img decoding=\"async\" src=\"https:\/\/www.helsinkimissio.fi\/wp-content\/uploads\/2024\/01\/600x900_Nosto_Nuoret_Poika.jpg\" width=\"600\" height=\"900\" class=\"image_lift__img  top\" alt=\"Yksin\u00e4inen nuori\" loading=\"lazy\">                            <img decoding=\"async\" src=\"https:\/\/www.helsinkimissio.fi\/wp-content\/uploads\/2024\/01\/600x900_Nosto_Nuoret_Poika.jpg\" width=\"600\" height=\"900\" class=\"image_lift__img mobile  top\" alt=\"Yksin\u00e4inen nuori\" loading=\"lazy\">\n                        <\/div>\n                        <div class=\"col-xs-4 col-sm-12 col-md-10 col-lg-10 col-xl-5 image_lift__position  offset-1 center\">\n                            <main class=\"entry-content \">\n                                \n\n<blockquote class=\"wp-block-quote has-white-color has-text-color has-link-color wp-elements-c8ed70ac9a1771143b93abad8a4fe392 is-layout-flow wp-block-quote-is-layout-flow\">\n<p class=\"is-style-default has-dark-blue-color has-dark-blue-background-color has-text-color has-background has-link-color wp-elements-2600d55929bc6f732e763f60b3b99ec3 wp-block-paragraph\"><em>Det k\u00e4nns tomt. Bara tomt<\/em>.<\/p>\n<cite>Respondent i ensamhetsenk\u00e4ten 2026&nbsp;<\/cite><\/blockquote>\n\n\n                            <\/main>\n                        <\/div>\n                    <\/div>\n                <\/div>\n            <\/div>\n        <\/div>\n<\/section>\n\n\n\n\n<section  class=\"block full-width block-kahdenpalstan-nosto-2 container-fluid has-background bg- has-yellow-background-color has--text-color\">\n    <div class=\"container\">\n        <div class=\"row\">\n            <div class=\"col-sm-10 col-xl-12 mx-auto\">\n                <div class=\"row\">\n                    <div class=\"image_text_lift right\">\n                        <div class=\"col-xs-4 col-sm-12 col-md-10 col-xl-4  image_text_lift__img_container  offset-1 \">\n\n                            <img decoding=\"async\" src=\"https:\/\/www.helsinkimissio.fi\/wp-content\/uploads\/2025\/09\/Keskusteluapu-mies-keskustelee-600x900px.jpg\" width=\"600\" height=\"900\" class=\"image_text_lift__img\" alt=\"Mies keskustelee HelsinkiMission ty\u00f6ntekij\u00e4n kanssa kerrostalon pihalla.\" loading=\"lazy\">                            \n                        <\/div>\n                        <div class=\"col-xs-4 col-sm-12 col-md-10 col-xl-4 image_text_lift__position offset-1 middle\">\n                            <main class=\"entry-content \">\n                                \n\n<h2 class=\"wp-block-heading has-dark-blue-color has-text-color has-link-color wp-elements-5ea22417d439da28c3cba5dc03ef6c6a\">Perspektiv p\u00e5 ensamhet i l\u00e4roanstalter \u2013 Experter kommenterar<\/h2>\n\n\n\n<p class=\"has-dark-blue-color has-text-color has-link-color wp-elements-3699421a09108f76b8f26dcff2c88349 wp-block-paragraph\">School to Belong-ensamhetsenk\u00e4ten 2026 visar att ensamhet \u00f6kar med \u00e5ldern och f\u00f6rs\u00e4mrar studiemotivationen. Vi bad experter att kommentera resultaten och fr\u00e5gade vilka tankar de v\u00e4cker.<\/p>\n\n\n\n<div class=\"wp-block-buttons is-layout-flex wp-block-buttons-is-layout-flex\">\n<div class=\"wp-block-button\"><a class=\"wp-block-button__link wp-element-button\">L\u00e4s artikeln<\/a><\/div>\n<\/div>\n\n\n                            <\/main>\n                        <\/div>\n                    <\/div>\n                <\/div>\n            <\/div>\n        <\/div>\n<\/section>\n\n<section  class=\"block full-width block-kahdenpalstan-nosto  container-fluid has-background bg- margin-negative-off has-pink-background-color has-white-text-color wp-elements-209c0c7794854366111e6706f44723d9\">\n    <div class=\"container\">\n        <div class=\"row\">\n            <div class=\"\">\n                <div class=\"row\">\n                    <div class=\"col-sm-10 col-xl-12 mx-auto image_lift top right\">\n                        <div class=\"  col-xs-4 col-sm-12 col-md-10 col-lg-10 col-xl-4 image_lift__img_container top offset-1\">\n                            <img decoding=\"async\" src=\"https:\/\/www.helsinkimissio.fi\/wp-content\/uploads\/2024\/04\/1920x1080_Hero_Nuoret_Skeittipuistossa_2-2-1-e1783683630636.jpg\" width=\"1060\" height=\"1080\" class=\"image_lift__img  top\" alt=\"\" loading=\"lazy\">                            <img decoding=\"async\" src=\"https:\/\/www.helsinkimissio.fi\/wp-content\/uploads\/2024\/04\/1920x1080_Hero_Nuoret_Skeittipuistossa_2-2-1-e1783683630636.jpg\" width=\"1060\" height=\"1080\" class=\"image_lift__img mobile  top\" alt=\"\" loading=\"lazy\">\n                        <\/div>\n                        <div class=\"col-xs-4 col-sm-12 col-md-10 col-lg-10 col-xl-5 image_lift__position  offset-1 center\">\n                            <main class=\"entry-content \">\n                                \n\n<blockquote class=\"wp-block-quote has-white-color has-text-color has-link-color wp-elements-d525dc632f7ef14a8e0924b4f48176ca is-layout-flow wp-block-quote-is-layout-flow\">\n<p class=\"is-style-default has-dark-blue-color has-pink-background-color has-text-color has-background has-link-color wp-elements-2f09d40eea97864df734952eaaea3c96 wp-block-paragraph\">Det k\u00e4nns som om ingen vill vara med en och att man har gjort n\u00e5got fast man inte har gjort det.<\/p>\n<cite>Respondent i ensamhetsenk\u00e4ten 2026&nbsp;<\/cite><\/blockquote>\n\n\n                            <\/main>\n                        <\/div>\n                    <\/div>\n                <\/div>\n            <\/div>\n        <\/div>\n<\/section>\n\n\n\n\n<section  class=\"block full-width block-kahdenpalstan-nosto-2 container-fluid has-background bg- has-teal-background-color has--text-color\">\n    <div class=\"container\">\n        <div class=\"row\">\n            <div class=\"col-sm-10 col-xl-12 mx-auto\">\n                <div class=\"row\">\n                    <div class=\"image_text_lift right\">\n                        <div class=\"col-xs-4 col-sm-12 col-md-10 col-xl-4  image_text_lift__img_container  offset-1 \">\n\n                            <img decoding=\"async\" src=\"https:\/\/www.helsinkimissio.fi\/wp-content\/uploads\/2026\/09\/800x1200_oscar.png\" width=\"800\" height=\"1200\" class=\"image_text_lift__img\" alt=\"\" loading=\"lazy\">                            \n                        <\/div>\n                        <div class=\"col-xs-4 col-sm-12 col-md-10 col-xl-4 image_text_lift__position offset-1 middle\">\n                            <main class=\"entry-content \">\n                                \n\n<h2 class=\"wp-block-heading\">Hur kan vi f\u00f6rebygga ensamhet?<\/h2>\n\n\n\n<p class=\"wp-block-paragraph\">Ensamhet och utanf\u00f6rskap ber\u00f6r m\u00e5nga unga, men gemenskap kan g\u00f6ra stor skillnad. I sin bloggtext delar programkoordinator Oscar Lehtinen tankar om vad ensamhet \u00e4r, hur den kan p\u00e5verka unga och vad vi alla kan g\u00f6ra f\u00f6r att skapa mer inkluderande gemenskaper.<\/p>\n\n\n\n<div class=\"wp-block-buttons is-layout-flex wp-block-buttons-is-layout-flex\">\n<div class=\"wp-block-button\"><a class=\"wp-block-button__link has-dark-blue-background-color has-background wp-element-button\" href=\"https:\/\/www.helsinkimissio.fi\/sv\/blogg\/gemenskapen-ar-det-viktigaste-motgiftet-till-utanforskap-och-ensamhet\/\">L\u00e4s bloggtexten<\/a><\/div>\n<\/div>\n\n\n                            <\/main>\n                        <\/div>\n                    <\/div>\n                <\/div>\n            <\/div>\n        <\/div>\n<\/section>\n\n<section  class=\"block full-width block-kahdenpalstan-nosto  container-fluid has-background bg- margin-negative-off has-off-white-background-color has-white-text-color wp-elements-03fcc042a1538826fe38ba0facf318d8\">\n    <div class=\"container\">\n        <div class=\"row\">\n            <div class=\"\">\n                <div class=\"row\">\n                    <div class=\"col-sm-10 col-xl-12 mx-auto image_lift top right\">\n                        <div class=\"  col-xs-4 col-sm-12 col-md-10 col-lg-10 col-xl-4 image_lift__img_container top offset-1\">\n                            <img decoding=\"async\" src=\"https:\/\/www.helsinkimissio.fi\/wp-content\/uploads\/2026\/06\/helsinkimissio_9356_HiRes_JPEG-2-scaled.jpg\" width=\"1707\" height=\"2560\" class=\"image_lift__img  top\" alt=\"\" loading=\"lazy\">                            <img decoding=\"async\" src=\"https:\/\/www.helsinkimissio.fi\/wp-content\/uploads\/2026\/06\/helsinkimissio_9356_HiRes_JPEG-2-scaled.jpg\" width=\"1707\" height=\"2560\" class=\"image_lift__img mobile  top\" alt=\"\" loading=\"lazy\">\n                        <\/div>\n                        <div class=\"col-xs-4 col-sm-12 col-md-10 col-lg-10 col-xl-5 image_lift__position  offset-1 center\">\n                            <main class=\"entry-content \">\n                                \n\n<h2 class=\"wp-block-heading has-red-color has-text-color has-link-color wp-elements-29dedec87c37f5708ac9c782f8327207\">School to Belong-programmet<\/h2>\n\n\n\n<p class=\"has-dark-blue-color has-text-color has-link-color wp-elements-ff35d17e84973ecff2631b0a0c876ac9 wp-block-paragraph\">School to Belong-programmet minskar ensamheten och st\u00e4rker gemenskapen vid l\u00e4roanstalterna. \u00c5tg\u00e4rderna baserar sig p\u00e5 forskningsbaserad kunskap. M\u00e5let \u00e4r en h\u00e5llbar f\u00f6r\u00e4ndring av verksamhetskulturen, s\u00e5 att arbetet med att minska ensamheten blir en gemensam angel\u00e4genhet f\u00f6r hela l\u00e4roanstalten. Redan 250 h\u00f6gstadier, l\u00e4roanstalter p\u00e5 andra stadiet och h\u00f6gskolor runt om i Finland deltar i programmet.<\/p>\n\n\n\n<div class=\"wp-block-buttons is-layout-flex wp-block-buttons-is-layout-flex\">\n<div class=\"wp-block-button\"><a class=\"wp-block-button__link has-red-background-color has-background wp-element-button\" href=\"https:\/\/www.helsinkimissio.fi\/sv\/schooltobelong\/\">Bekanta dig med programmet<\/a><\/div>\n<\/div>\n\n\n                            <\/main>\n                        <\/div>\n                    <\/div>\n                <\/div>\n            <\/div>\n        <\/div>\n<\/section>\n\n\n\n\n<section  class=\"block full-width block-kahdenpalstan-nosto-2 container-fluid has-background bg- has-dark-blue-background-color has--text-color\">\n    <div class=\"container\">\n        <div class=\"row\">\n            <div class=\"col-sm-10 col-xl-12 mx-auto\">\n                <div class=\"row\">\n                    <div class=\"image_text_lift right\">\n                        <div class=\"col-xs-4 col-sm-12 col-md-10 col-xl-4  image_text_lift__img_container  offset-1 \">\n\n                            <img decoding=\"async\" src=\"https:\/\/www.helsinkimissio.fi\/wp-content\/uploads\/2025\/09\/Keskusteluapu-mies-keskustelee-600x900px.jpg\" width=\"600\" height=\"900\" class=\"image_text_lift__img\" alt=\"Mies keskustelee HelsinkiMission ty\u00f6ntekij\u00e4n kanssa kerrostalon pihalla.\" loading=\"lazy\">                            \n                        <\/div>\n                        <div class=\"col-xs-4 col-sm-12 col-md-10 col-xl-4 image_text_lift__position offset-1 middle\">\n                            <main class=\"entry-content \">\n                                \n\n<h2 class=\"wp-block-heading has-white-color has-text-color has-link-color wp-elements-88a9de79518e413a463a5c0868f7f29d\">Skolpersonal och v\u00e5rdnadshavare<\/h2>\n\n\n\n<p class=\"has-white-color has-text-color has-link-color wp-elements-b7f9e27ea459dbc44c9c876e47a2d62e wp-block-paragraph\">I School to Belong-enk\u00e4ten om ensamhet kartl\u00e4ggs f\u00f6rutom elevernas och de studerandes erfarenheter \u00e4ven erfarenheter hos l\u00e4roanstalternas personal och v\u00e5rdnadshavare. I enk\u00e4ten 2026 svarade 1 421 anst\u00e4llda och 1 226 v\u00e5rdnadshavare till elever eller studerande.<\/p>\n\n\n\n<p class=\"has-white-color has-text-color has-link-color wp-elements-799342072cb6453631b8dd894dcd79d3 wp-block-paragraph\">Personalen har stor inverkan p\u00e5 l\u00e4roanstaltens verksamhetskultur och p\u00e5 skapandet av gemenskap. Av svaren framg\u00e5r att l\u00e4rare och andra yrkesverksamma har kompetens att ingripa mot ensamhet. 82 % av de svarande ingriper \u00e5tminstone ibland n\u00e4r studerande l\u00e4mnas utanf\u00f6r. I enk\u00e4ten 2025 var andelen densamma.<\/p>\n\n\n\n<p class=\"has-white-color has-text-color has-link-color wp-elements-1301749e5c3e01afe926e651d5478de2 wp-block-paragraph\">En fungerande dialog med v\u00e5rdnadshavaren kan vara ett ov\u00e4rderligt st\u00f6d f\u00f6r en ung person som upplever ensamhet. En positiv uppgift i enk\u00e4tsvaren \u00e4r att 65 % av de v\u00e5rdnadshavare som svarade har pratat med sitt barn om ensamhet under det senaste \u00e5ret. Enligt v\u00e5rdnadshavarna \u00e4r den vanligaste situationen (20 % av svaren) d\u00e4r barnet l\u00e4mnas utanf\u00f6r gruppen raster och stunder mellan lektionerna.<\/p>\n\n\n                            <\/main>\n                        <\/div>\n                    <\/div>\n                <\/div>\n            <\/div>\n        <\/div>\n<\/section>\n\n\n<section  class=\"block  block-content-wrapper container-fluid has-background has-yellow-background-color has-background bg- has-yellow-background-color has--text-color\">\n    <div class=\"container\">\n        <div class=\"row  flex-start col-12\" style=\"justify-content: flex-start; \">\n                            <div class=\"\">\n                                    <main class=\"entry-content\">\n                        \n\n<h2 class=\"wp-block-heading\"><strong>L\u00e4s mer om resultaten fr\u00e5n School to Belong-ensamhetsenk\u00e4t<\/strong><\/h2>\n\n\n\n<ul class=\"wp-block-list\">\n<li><a href=\"https:\/\/www.helsinkimissio.fi\/sv\/school-to-belong-ensamhetsenkat-2026\/\" target=\"_blank\" rel=\"noreferrer noopener\">School to Belong-ensamhetsenk\u00e4t 2026, pressmeddelande<\/a><\/li>\n\n\n\n<li><a href=\"https:\/\/www.helsinkimissio.fi\/wp-content\/uploads\/2026\/09\/School-to-Belong-yksina%CC%88isyyskysely-2026-ruotsi.pdf\">School to Belong-ensamhetsenk\u00e4t 2026<\/a><\/li>\n\n\n\n<li><a href=\"https:\/\/www.helsinkimissio.fi\/wp-content\/uploads\/2025\/09\/School-to-Belong-yksina\u0308isyyskysely-2025.pdf\" target=\"_blank\" rel=\"noreferrer noopener\">School to Belong -yksin\u00e4isyyskysely 2025<\/a><\/li>\n\n\n\n<li><a href=\"https:\/\/www.helsinkimissio.fi\/wp-content\/uploads\/2024\/11\/School-to-Belong-yksina\u0308isyyskysely_2024_02.pdf\" target=\"_blank\" rel=\"noreferrer noopener\">School to Belong -yksin\u00e4isyyskysely 2024<\/a><\/li>\n\n\n\n<li><a href=\"https:\/\/www.helsinkimissio.fi\/wp-content\/uploads\/2023\/09\/School-to-Belong-yksinaisyyskyselyn-tulokset-2023.pdf\" id=\"https:\/\/www.helsinkimissio.fi\/wp-content\/uploads\/2023\/09\/School-to-Belong-yksinaisyyskyselyn-tulokset-2023.pdf\" target=\"_blank\" rel=\"noreferrer noopener\">School to Belong -yksin\u00e4isyyskysely 2023<\/a><\/li>\n\n\n\n<li><a href=\"https:\/\/www.helsinkimissio.fi\/wp-content\/uploads\/2022\/11\/School-to-Belong_Yksinaisyyskyselyn-tulokset_2022-1.pdf\" id=\"https:\/\/www.helsinkimissio.fi\/wp-content\/uploads\/2022\/11\/School-to-Belong_Yksinaisyyskyselyn-tulokset_2022-1.pdf\" target=\"_blank\" rel=\"noreferrer noopener\">School to Belong -yksin\u00e4isyyskysely 2022<\/a><\/li>\n<\/ul>\n\n\n                    <\/main>\n                    <\/div>\n                <\/div>\n        <\/div>\n<\/section>","protected":false},"excerpt":{"rendered":"","protected":false},"author":28,"featured_media":43203,"parent":0,"menu_order":0,"comment_status":"closed","ping_status":"closed","template":"","meta":{"_acf_changed":false,"_relevanssi_hide_post":"","_relevanssi_hide_content":"","_relevanssi_pin_for_all":"","_relevanssi_pin_keywords":"","_relevanssi_unpin_keywords":"","_relevanssi_related_keywords":"","_relevanssi_related_include_ids":"","_relevanssi_related_exclude_ids":"","_relevanssi_related_no_append":"","_relevanssi_related_not_related":"","_relevanssi_related_posts":"15668,24913,32818,32337,36760,20926","_relevanssi_noindex_reason":"","footnotes":"","_members_access_role":[],"_members_access_error":""},"class_list":["post-42965","page","type-page","status-publish","has-post-thumbnail","hentry"],"acf":[],"yoast_head":"<!-- This site is optimized with the Yoast SEO plugin v28.2 - https:\/\/yoast.com\/product\/yoast-seo-wordpress\/ -->\n<title>School to Belong ensamhetsenk\u00e4t 2026 &#8212; HelsinkiMissio<\/title>\n<meta name=\"robots\" content=\"index, follow, max-snippet:-1, max-image-preview:large, max-video-preview:-1\" \/>\n<link rel=\"canonical\" href=\"https:\/\/www.helsinkimissio.fi\/sv\/school-to-belong-ensamhetsenkat-2026\/\" \/>\n<meta property=\"og:locale\" content=\"sv_SE\" \/>\n<meta property=\"og:type\" content=\"article\" \/>\n<meta property=\"og:title\" content=\"School to Belong ensamhetsenk\u00e4t 2026 &#8212; HelsinkiMissio\" \/>\n<meta property=\"og:url\" content=\"https:\/\/www.helsinkimissio.fi\/sv\/school-to-belong-ensamhetsenkat-2026\/\" \/>\n<meta property=\"og:site_name\" content=\"HelsinkiMissio\" \/>\n<meta property=\"article:publisher\" content=\"https:\/\/www.facebook.com\/HelsinkiMissio\/\" \/>\n<meta property=\"article:modified_time\" content=\"2026-09-04T11:06:12+00:00\" \/>\n<meta property=\"og:image\" content=\"https:\/\/www.helsinkimissio.fi\/wp-content\/uploads\/2026\/09\/School-to-Belong-1920x1080px-1024x576.png\" \/>\n\t<meta property=\"og:image:width\" content=\"1024\" \/>\n\t<meta property=\"og:image:height\" content=\"576\" \/>\n\t<meta property=\"og:image:type\" content=\"image\/png\" \/>\n<meta name=\"twitter:card\" content=\"summary_large_image\" \/>\n<meta name=\"twitter:site\" content=\"@HelsinkiMissio\" \/>\n<meta name=\"twitter:label1\" content=\"Ber\u00e4knad l\u00e4stid\" \/>\n\t<meta name=\"twitter:data1\" content=\"13 minuter\" \/>\n<script type=\"application\/ld+json\" class=\"yoast-schema-graph\">{\"@context\":\"https:\\\/\\\/schema.org\",\"@graph\":[{\"@type\":\"WebPage\",\"@id\":\"https:\\\/\\\/www.helsinkimissio.fi\\\/sv\\\/school-to-belong-ensamhetsenkat-2026\\\/\",\"url\":\"https:\\\/\\\/www.helsinkimissio.fi\\\/sv\\\/school-to-belong-ensamhetsenkat-2026\\\/\",\"name\":\"School to Belong ensamhetsenk\u00e4t 2026 &#8212; HelsinkiMissio\",\"isPartOf\":{\"@id\":\"https:\\\/\\\/www.helsinkimissio.fi\\\/sv\\\/#website\"},\"primaryImageOfPage\":{\"@id\":\"https:\\\/\\\/www.helsinkimissio.fi\\\/sv\\\/school-to-belong-ensamhetsenkat-2026\\\/#primaryimage\"},\"image\":{\"@id\":\"https:\\\/\\\/www.helsinkimissio.fi\\\/sv\\\/school-to-belong-ensamhetsenkat-2026\\\/#primaryimage\"},\"thumbnailUrl\":\"https:\\\/\\\/www.helsinkimissio.fi\\\/wp-content\\\/uploads\\\/2026\\\/09\\\/School-to-Belong-1920x1080px.png\",\"datePublished\":\"2026-09-04T07:17:46+00:00\",\"dateModified\":\"2026-09-04T11:06:12+00:00\",\"breadcrumb\":{\"@id\":\"https:\\\/\\\/www.helsinkimissio.fi\\\/sv\\\/school-to-belong-ensamhetsenkat-2026\\\/#breadcrumb\"},\"inLanguage\":\"sv-SE\",\"potentialAction\":[{\"@type\":\"ReadAction\",\"target\":[\"https:\\\/\\\/www.helsinkimissio.fi\\\/sv\\\/school-to-belong-ensamhetsenkat-2026\\\/\"]}]},{\"@type\":\"ImageObject\",\"inLanguage\":\"sv-SE\",\"@id\":\"https:\\\/\\\/www.helsinkimissio.fi\\\/sv\\\/school-to-belong-ensamhetsenkat-2026\\\/#primaryimage\",\"url\":\"https:\\\/\\\/www.helsinkimissio.fi\\\/wp-content\\\/uploads\\\/2026\\\/09\\\/School-to-Belong-1920x1080px.png\",\"contentUrl\":\"https:\\\/\\\/www.helsinkimissio.fi\\\/wp-content\\\/uploads\\\/2026\\\/09\\\/School-to-Belong-1920x1080px.png\",\"width\":1920,\"height\":1080},{\"@type\":\"BreadcrumbList\",\"@id\":\"https:\\\/\\\/www.helsinkimissio.fi\\\/sv\\\/school-to-belong-ensamhetsenkat-2026\\\/#breadcrumb\",\"itemListElement\":[{\"@type\":\"ListItem\",\"position\":1,\"name\":\"Etusivu\",\"item\":\"https:\\\/\\\/www.helsinkimissio.fi\\\/sv\\\/\"},{\"@type\":\"ListItem\",\"position\":2,\"name\":\"School to Belong ensamhetsenk\u00e4t 2026\"}]},{\"@type\":\"WebSite\",\"@id\":\"https:\\\/\\\/www.helsinkimissio.fi\\\/sv\\\/#website\",\"url\":\"https:\\\/\\\/www.helsinkimissio.fi\\\/sv\\\/\",\"name\":\"Yhdess\u00e4 yksin\u00e4isyys voitetaan \u2013 HelsinkiMissio\",\"description\":\"Yhdess\u00e4 yksin\u00e4isyys voitetaan.\",\"publisher\":{\"@id\":\"https:\\\/\\\/www.helsinkimissio.fi\\\/sv\\\/#organization\"},\"alternateName\":\"HelsinkiMissio\",\"potentialAction\":[{\"@type\":\"SearchAction\",\"target\":{\"@type\":\"EntryPoint\",\"urlTemplate\":\"https:\\\/\\\/www.helsinkimissio.fi\\\/sv\\\/?s={search_term_string}\"},\"query-input\":{\"@type\":\"PropertyValueSpecification\",\"valueRequired\":true,\"valueName\":\"search_term_string\"}}],\"inLanguage\":\"sv-SE\"},{\"@type\":\"Organization\",\"@id\":\"https:\\\/\\\/www.helsinkimissio.fi\\\/sv\\\/#organization\",\"name\":\"HelsinkiMissio\",\"url\":\"https:\\\/\\\/www.helsinkimissio.fi\\\/sv\\\/\",\"logo\":{\"@type\":\"ImageObject\",\"inLanguage\":\"sv-SE\",\"@id\":\"https:\\\/\\\/www.helsinkimissio.fi\\\/sv\\\/#\\\/schema\\\/logo\\\/image\\\/\",\"url\":\"https:\\\/\\\/www.helsinkimissio.fi\\\/wp-content\\\/uploads\\\/2022\\\/07\\\/cropped-Helsinkimissio_sin_logo.png\",\"contentUrl\":\"https:\\\/\\\/www.helsinkimissio.fi\\\/wp-content\\\/uploads\\\/2022\\\/07\\\/cropped-Helsinkimissio_sin_logo.png\",\"width\":512,\"height\":512,\"caption\":\"HelsinkiMissio\"},\"image\":{\"@id\":\"https:\\\/\\\/www.helsinkimissio.fi\\\/sv\\\/#\\\/schema\\\/logo\\\/image\\\/\"},\"sameAs\":[\"https:\\\/\\\/www.facebook.com\\\/HelsinkiMissio\\\/\",\"https:\\\/\\\/x.com\\\/HelsinkiMissio\",\"https:\\\/\\\/www.instagram.com\\\/helsinkimissio\\\/\",\"https:\\\/\\\/www.linkedin.com\\\/company\\\/10844786\\\/\",\"https:\\\/\\\/www.youtube.com\\\/channel\\\/UCzKk3pYABu9D-DzQAx1Yr2w\"]}]}<\/script>\n<!-- \/ Yoast SEO plugin. -->","yoast_head_json":{"title":"School to Belong ensamhetsenk\u00e4t 2026 &#8212; HelsinkiMissio","robots":{"index":"index","follow":"follow","max-snippet":"max-snippet:-1","max-image-preview":"max-image-preview:large","max-video-preview":"max-video-preview:-1"},"canonical":"https:\/\/www.helsinkimissio.fi\/sv\/school-to-belong-ensamhetsenkat-2026\/","og_locale":"sv_SE","og_type":"article","og_title":"School to Belong ensamhetsenk\u00e4t 2026 &#8212; HelsinkiMissio","og_url":"https:\/\/www.helsinkimissio.fi\/sv\/school-to-belong-ensamhetsenkat-2026\/","og_site_name":"HelsinkiMissio","article_publisher":"https:\/\/www.facebook.com\/HelsinkiMissio\/","article_modified_time":"2026-09-04T11:06:12+00:00","og_image":[{"width":1024,"height":576,"url":"https:\/\/www.helsinkimissio.fi\/wp-content\/uploads\/2026\/09\/School-to-Belong-1920x1080px-1024x576.png","type":"image\/png"}],"twitter_card":"summary_large_image","twitter_site":"@HelsinkiMissio","twitter_misc":{"Ber\u00e4knad l\u00e4stid":"13 minuter"},"schema":{"@context":"https:\/\/schema.org","@graph":[{"@type":"WebPage","@id":"https:\/\/www.helsinkimissio.fi\/sv\/school-to-belong-ensamhetsenkat-2026\/","url":"https:\/\/www.helsinkimissio.fi\/sv\/school-to-belong-ensamhetsenkat-2026\/","name":"School to Belong ensamhetsenk\u00e4t 2026 &#8212; HelsinkiMissio","isPartOf":{"@id":"https:\/\/www.helsinkimissio.fi\/sv\/#website"},"primaryImageOfPage":{"@id":"https:\/\/www.helsinkimissio.fi\/sv\/school-to-belong-ensamhetsenkat-2026\/#primaryimage"},"image":{"@id":"https:\/\/www.helsinkimissio.fi\/sv\/school-to-belong-ensamhetsenkat-2026\/#primaryimage"},"thumbnailUrl":"https:\/\/www.helsinkimissio.fi\/wp-content\/uploads\/2026\/09\/School-to-Belong-1920x1080px.png","datePublished":"2026-09-04T07:17:46+00:00","dateModified":"2026-09-04T11:06:12+00:00","breadcrumb":{"@id":"https:\/\/www.helsinkimissio.fi\/sv\/school-to-belong-ensamhetsenkat-2026\/#breadcrumb"},"inLanguage":"sv-SE","potentialAction":[{"@type":"ReadAction","target":["https:\/\/www.helsinkimissio.fi\/sv\/school-to-belong-ensamhetsenkat-2026\/"]}]},{"@type":"ImageObject","inLanguage":"sv-SE","@id":"https:\/\/www.helsinkimissio.fi\/sv\/school-to-belong-ensamhetsenkat-2026\/#primaryimage","url":"https:\/\/www.helsinkimissio.fi\/wp-content\/uploads\/2026\/09\/School-to-Belong-1920x1080px.png","contentUrl":"https:\/\/www.helsinkimissio.fi\/wp-content\/uploads\/2026\/09\/School-to-Belong-1920x1080px.png","width":1920,"height":1080},{"@type":"BreadcrumbList","@id":"https:\/\/www.helsinkimissio.fi\/sv\/school-to-belong-ensamhetsenkat-2026\/#breadcrumb","itemListElement":[{"@type":"ListItem","position":1,"name":"Etusivu","item":"https:\/\/www.helsinkimissio.fi\/sv\/"},{"@type":"ListItem","position":2,"name":"School to Belong ensamhetsenk\u00e4t 2026"}]},{"@type":"WebSite","@id":"https:\/\/www.helsinkimissio.fi\/sv\/#website","url":"https:\/\/www.helsinkimissio.fi\/sv\/","name":"Yhdess\u00e4 yksin\u00e4isyys voitetaan \u2013 HelsinkiMissio","description":"Yhdess\u00e4 yksin\u00e4isyys voitetaan.","publisher":{"@id":"https:\/\/www.helsinkimissio.fi\/sv\/#organization"},"alternateName":"HelsinkiMissio","potentialAction":[{"@type":"SearchAction","target":{"@type":"EntryPoint","urlTemplate":"https:\/\/www.helsinkimissio.fi\/sv\/?s={search_term_string}"},"query-input":{"@type":"PropertyValueSpecification","valueRequired":true,"valueName":"search_term_string"}}],"inLanguage":"sv-SE"},{"@type":"Organization","@id":"https:\/\/www.helsinkimissio.fi\/sv\/#organization","name":"HelsinkiMissio","url":"https:\/\/www.helsinkimissio.fi\/sv\/","logo":{"@type":"ImageObject","inLanguage":"sv-SE","@id":"https:\/\/www.helsinkimissio.fi\/sv\/#\/schema\/logo\/image\/","url":"https:\/\/www.helsinkimissio.fi\/wp-content\/uploads\/2022\/07\/cropped-Helsinkimissio_sin_logo.png","contentUrl":"https:\/\/www.helsinkimissio.fi\/wp-content\/uploads\/2022\/07\/cropped-Helsinkimissio_sin_logo.png","width":512,"height":512,"caption":"HelsinkiMissio"},"image":{"@id":"https:\/\/www.helsinkimissio.fi\/sv\/#\/schema\/logo\/image\/"},"sameAs":["https:\/\/www.facebook.com\/HelsinkiMissio\/","https:\/\/x.com\/HelsinkiMissio","https:\/\/www.instagram.com\/helsinkimissio\/","https:\/\/www.linkedin.com\/company\/10844786\/","https:\/\/www.youtube.com\/channel\/UCzKk3pYABu9D-DzQAx1Yr2w"]}]}},"_links":{"self":[{"href":"https:\/\/www.helsinkimissio.fi\/sv\/wp-json\/wp\/v2\/pages\/42965","targetHints":{"allow":["GET"]}}],"collection":[{"href":"https:\/\/www.helsinkimissio.fi\/sv\/wp-json\/wp\/v2\/pages"}],"about":[{"href":"https:\/\/www.helsinkimissio.fi\/sv\/wp-json\/wp\/v2\/types\/page"}],"author":[{"embeddable":true,"href":"https:\/\/www.helsinkimissio.fi\/sv\/wp-json\/wp\/v2\/users\/28"}],"replies":[{"embeddable":true,"href":"https:\/\/www.helsinkimissio.fi\/sv\/wp-json\/wp\/v2\/comments?post=42965"}],"version-history":[{"count":10,"href":"https:\/\/www.helsinkimissio.fi\/sv\/wp-json\/wp\/v2\/pages\/42965\/revisions"}],"predecessor-version":[{"id":43322,"href":"https:\/\/www.helsinkimissio.fi\/sv\/wp-json\/wp\/v2\/pages\/42965\/revisions\/43322"}],"wp:featuredmedia":[{"embeddable":true,"href":"https:\/\/www.helsinkimissio.fi\/sv\/wp-json\/wp\/v2\/media\/43203"}],"wp:attachment":[{"href":"https:\/\/www.helsinkimissio.fi\/sv\/wp-json\/wp\/v2\/media?parent=42965"}],"curies":[{"name":"wp","href":"https:\/\/api.w.org\/{rel}","templated":true}]}}